{"id":1407,"date":"2024-07-22T13:22:07","date_gmt":"2024-07-22T17:22:07","guid":{"rendered":"https:\/\/www.sedesoruro.gob.bo\/?page_id=1407"},"modified":"2024-10-09T23:32:12","modified_gmt":"2024-10-10T03:32:12","slug":"unidadcomunicacion","status":"publish","type":"page","link":"https:\/\/www.sedesoruro.gob.bo\/index.php\/unidadcomunicacion\/","title":{"rendered":"Unidad de Comunicaci\u00f3n"},"content":{"rendered":"\t\t<div data-elementor-type=\"wp-page\" data-elementor-id=\"1407\" class=\"elementor elementor-1407\">\n\t\t\t\t<div class=\"elementor-element elementor-element-e636f40 e-flex e-con-boxed e-con e-parent\" data-id=\"e636f40\" data-element_type=\"container\">\n\t\t\t\t\t<div class=\"e-con-inner\">\n\t\t\t\t<div class=\"elementor-element elementor-element-10b9b17 elementor-widget elementor-widget-heading\" data-id=\"10b9b17\" data-element_type=\"widget\" data-widget_type=\"heading.default\">\n\t\t\t\t<div class=\"elementor-widget-container\">\n\t\t\t\t\t<h2 class=\"elementor-heading-title elementor-size-default\">UNIDAD DE COMUNICACI\u00d3N<\/h2>\t\t\t\t<\/div>\n\t\t\t\t<\/div>\n\t\t\t\t\t<\/div>\n\t\t\t\t<\/div>\n\t\t<div class=\"elementor-element elementor-element-6c33301 e-con-full e-flex e-con e-parent\" data-id=\"6c33301\" data-element_type=\"container\">\n\t\t<div class=\"elementor-element elementor-element-502b6de e-con-full e-flex e-con e-child\" data-id=\"502b6de\" data-element_type=\"container\">\n\t\t\t\t<div class=\"elementor-element elementor-element-944d981 elementor-widget-divider--view-line_icon animated-slow elementor-view-default elementor-widget-divider--element-align-center elementor-invisible elementor-widget elementor-widget-divider\" data-id=\"944d981\" data-element_type=\"widget\" data-settings=\"{&quot;_animation&quot;:&quot;fadeInLeft&quot;}\" data-widget_type=\"divider.default\">\n\t\t\t\t<div class=\"elementor-widget-container\">\n\t\t\t\t\t\t\t<div class=\"elementor-divider\">\n\t\t\t<span class=\"elementor-divider-separator\">\n\t\t\t\t\t\t\t<div class=\"elementor-icon elementor-divider__element\">\n\t\t\t\t\t<svg aria-hidden=\"true\" class=\"e-font-icon-svg e-fas-ellipsis-h\" viewBox=\"0 0 512 512\" xmlns=\"http:\/\/www.w3.org\/2000\/svg\"><path d=\"M328 256c0 39.8-32.2 72-72 72s-72-32.2-72-72 32.2-72 72-72 72 32.2 72 72zm104-72c-39.8 0-72 32.2-72 72s32.2 72 72 72 72-32.2 72-72-32.2-72-72-72zm-352 0c-39.8 0-72 32.2-72 72s32.2 72 72 72 72-32.2 72-72-32.2-72-72-72z\"><\/path><\/svg><\/div>\n\t\t\t\t\t\t<\/span>\n\t\t<\/div>\n\t\t\t\t\t\t<\/div>\n\t\t\t\t<\/div>\n\t\t\t\t<\/div>\n\t\t\t\t<\/div>\n\t\t<div class=\"elementor-element elementor-element-9e3b706 e-flex e-con-boxed e-con e-parent\" data-id=\"9e3b706\" data-element_type=\"container\">\n\t\t\t\t\t<div class=\"e-con-inner\">\n\t\t\t\t<div class=\"elementor-element elementor-element-a4bf5a4 elementor-grid-eael-col-3 elementor-grid-tablet-eael-col-2 elementor-grid-mobile-eael-col-1 elementor-widget elementor-widget-eael-post-grid\" data-id=\"a4bf5a4\" data-element_type=\"widget\" data-settings=\"{&quot;eael_post_grid_columns&quot;:&quot;eael-col-3&quot;,&quot;eael_post_grid_columns_tablet&quot;:&quot;eael-col-2&quot;,&quot;eael_post_grid_columns_mobile&quot;:&quot;eael-col-1&quot;}\" data-widget_type=\"eael-post-grid.default\">\n\t\t\t\t<div class=\"elementor-widget-container\">\n\t\t\t\t\t<div id=\"eael-post-grid-a4bf5a4\" class=\"eael-post-grid-container\">\n            <div class=\"eael-post-grid eael-post-appender eael-post-appender-a4bf5a4 eael-post-grid-style-one\" data-layout-mode=\"grid\"><article class=\"eael-grid-post eael-post-grid-column\" data-id=\"4070\">\n        <div class=\"eael-grid-post-holder\">\n            <div class=\"eael-grid-post-holder-inner\"><div class=\"eael-entry-media\"><div class=\"eael-entry-overlay fade-in\"><i class=\"fas fa-long-arrow-alt-right\" aria-hidden=\"true\"><\/i><a href=\"https:\/\/www.sedesoruro.gob.bo\/index.php\/2024\/11\/27\/sedes-fortalece-alianza-con-la-prensa-orurena-para-socializar-la-prevencion-contra-el-cancer\/\"><\/a><\/div><div class=\"eael-entry-thumbnail \">\n                <img fetchpriority=\"high\" decoding=\"async\" width=\"768\" height=\"512\" src=\"https:\/\/www.sedesoruro.gob.bo\/wp-content\/uploads\/2024\/11\/WhatsApp-Image-2024-11-01-at-11.54.03-AM-768x512.jpeg\" class=\"attachment-medium_large size-medium_large wp-image-4072\" alt=\"\" srcset=\"https:\/\/www.sedesoruro.gob.bo\/wp-content\/uploads\/2024\/11\/WhatsApp-Image-2024-11-01-at-11.54.03-AM-768x512.jpeg 768w, https:\/\/www.sedesoruro.gob.bo\/wp-content\/uploads\/2024\/11\/WhatsApp-Image-2024-11-01-at-11.54.03-AM-300x200.jpeg 300w, https:\/\/www.sedesoruro.gob.bo\/wp-content\/uploads\/2024\/11\/WhatsApp-Image-2024-11-01-at-11.54.03-AM-1024x683.jpeg 1024w, https:\/\/www.sedesoruro.gob.bo\/wp-content\/uploads\/2024\/11\/WhatsApp-Image-2024-11-01-at-11.54.03-AM.jpeg 1080w\" sizes=\"(max-width: 768px) 100vw, 768px\" \/>\n            <\/div>\n        <\/div><div class=\"eael-entry-wrapper\"><header class=\"eael-entry-header\"><h2 class=\"eael-entry-title\"><a\n                        class=\"eael-grid-post-link\"\n                        href=\"https:\/\/www.sedesoruro.gob.bo\/index.php\/2024\/11\/27\/sedes-fortalece-alianza-con-la-prensa-orurena-para-socializar-la-prevencion-contra-el-cancer\/\"\n                        title=\"SEDES FORTALECE ALIANZA CON LA PRENSA ORURE\u00d1A PARA SOCIALIZAR LA PREVENCION CONTRA EL C\u00c1NCER\">SEDES FORTALECE ALIANZA CON LA PRENSA ORURE\u00d1A PARA SOCIALIZAR LA PREVENCION CONTRA EL C\u00c1NCER<\/a><\/h2><\/header><div class=\"eael-entry-content\">\n                        <div class=\"eael-grid-post-excerpt\"><p>El Servicio Departamental de Salud (SEDES) Oruro, a trav\u00e9s del...<\/p><a\n                            href=\"https:\/\/www.sedesoruro.gob.bo\/index.php\/2024\/11\/27\/sedes-fortalece-alianza-con-la-prensa-orurena-para-socializar-la-prevencion-contra-el-cancer\/\"\n                            class=\"eael-post-elements-readmore-btn\">Leer m\u00e1s<\/a><\/div>\n                    <\/div><div class=\"eael-entry-footer\"><div class=\"eael-author-avatar\"><a href=\"https:\/\/www.sedesoruro.gob.bo\/index.php\/author\/userdesse\/\"><img alt='userdesse' src='https:\/\/secure.gravatar.com\/avatar\/d620fe5460db87edd265e5743d4b6428870636320ba06173d03a4368a03d84aa?s=96&#038;d=mm&#038;r=g' srcset='https:\/\/secure.gravatar.com\/avatar\/d620fe5460db87edd265e5743d4b6428870636320ba06173d03a4368a03d84aa?s=192&#038;d=mm&#038;r=g 2x' class='avatar avatar-96 photo' height='96' width='96' \/><\/a><\/div><div class=\"eael-entry-meta\"><span class=\"eael-posted-by\"><a href=\"https:\/\/www.sedesoruro.gob.bo\/index.php\/author\/userdesse\/\" title=\"Entradas de  \" rel=\"author\"> <\/a><\/span><span class=\"eael-posted-on\"><time datetime=\"27 de noviembre de 2024\">27 de noviembre de 2024<\/time><\/span><\/div><\/div><\/div><\/div>\n        <\/div>\n    <\/article><article class=\"eael-grid-post eael-post-grid-column\" data-id=\"4005\">\n        <div class=\"eael-grid-post-holder\">\n            <div class=\"eael-grid-post-holder-inner\"><div class=\"eael-entry-media\"><div class=\"eael-entry-overlay fade-in\"><i class=\"fas fa-long-arrow-alt-right\" aria-hidden=\"true\"><\/i><a href=\"https:\/\/www.sedesoruro.gob.bo\/index.php\/2024\/11\/19\/taller-de-capacitacion-promueve-conocimientos-de-primeros-auxilios-psicologicos\/\"><\/a><\/div><div class=\"eael-entry-thumbnail \">\n                <img decoding=\"async\" width=\"768\" height=\"552\" src=\"https:\/\/www.sedesoruro.gob.bo\/wp-content\/uploads\/2024\/11\/WhatsApp-Image-2024-11-01-at-11.06.43-AM-768x552.jpeg\" class=\"attachment-medium_large size-medium_large wp-image-4007\" alt=\"\" srcset=\"https:\/\/www.sedesoruro.gob.bo\/wp-content\/uploads\/2024\/11\/WhatsApp-Image-2024-11-01-at-11.06.43-AM-768x552.jpeg 768w, https:\/\/www.sedesoruro.gob.bo\/wp-content\/uploads\/2024\/11\/WhatsApp-Image-2024-11-01-at-11.06.43-AM-300x216.jpeg 300w, https:\/\/www.sedesoruro.gob.bo\/wp-content\/uploads\/2024\/11\/WhatsApp-Image-2024-11-01-at-11.06.43-AM-1024x736.jpeg 1024w, https:\/\/www.sedesoruro.gob.bo\/wp-content\/uploads\/2024\/11\/WhatsApp-Image-2024-11-01-at-11.06.43-AM.jpeg 1080w\" sizes=\"(max-width: 768px) 100vw, 768px\" \/>\n            <\/div>\n        <\/div><div class=\"eael-entry-wrapper\"><header class=\"eael-entry-header\"><h2 class=\"eael-entry-title\"><a\n                        class=\"eael-grid-post-link\"\n                        href=\"https:\/\/www.sedesoruro.gob.bo\/index.php\/2024\/11\/19\/taller-de-capacitacion-promueve-conocimientos-de-primeros-auxilios-psicologicos\/\"\n                        title=\"TALLER DE CAPACITACION PROMUEVE CONOCIMIENTOS DE PRIMEROS AUXILIOS PSICOL\u00d3GICOS\">TALLER DE CAPACITACION PROMUEVE CONOCIMIENTOS DE PRIMEROS AUXILIOS PSICOL\u00d3GICOS<\/a><\/h2><\/header><div class=\"eael-entry-content\">\n                        <div class=\"eael-grid-post-excerpt\"><p>La Unidad Promoci\u00f3n de la Salud, dependiente del Servicio Departamental...<\/p><a\n                            href=\"https:\/\/www.sedesoruro.gob.bo\/index.php\/2024\/11\/19\/taller-de-capacitacion-promueve-conocimientos-de-primeros-auxilios-psicologicos\/\"\n                            class=\"eael-post-elements-readmore-btn\">Leer m\u00e1s<\/a><\/div>\n                    <\/div><div class=\"eael-entry-footer\"><div class=\"eael-author-avatar\"><a href=\"https:\/\/www.sedesoruro.gob.bo\/index.php\/author\/userdesse\/\"><img alt='userdesse' src='https:\/\/secure.gravatar.com\/avatar\/d620fe5460db87edd265e5743d4b6428870636320ba06173d03a4368a03d84aa?s=96&#038;d=mm&#038;r=g' srcset='https:\/\/secure.gravatar.com\/avatar\/d620fe5460db87edd265e5743d4b6428870636320ba06173d03a4368a03d84aa?s=192&#038;d=mm&#038;r=g 2x' class='avatar avatar-96 photo' height='96' width='96' \/><\/a><\/div><div class=\"eael-entry-meta\"><span class=\"eael-posted-by\"><a href=\"https:\/\/www.sedesoruro.gob.bo\/index.php\/author\/userdesse\/\" title=\"Entradas de  \" rel=\"author\"> <\/a><\/span><span class=\"eael-posted-on\"><time datetime=\"19 de noviembre de 2024\">19 de noviembre de 2024<\/time><\/span><\/div><\/div><\/div><\/div>\n        <\/div>\n    <\/article><article class=\"eael-grid-post eael-post-grid-column\" data-id=\"3994\">\n        <div class=\"eael-grid-post-holder\">\n            <div class=\"eael-grid-post-holder-inner\"><div class=\"eael-entry-media\"><div class=\"eael-entry-overlay fade-in\"><i class=\"fas fa-long-arrow-alt-right\" aria-hidden=\"true\"><\/i><a href=\"https:\/\/www.sedesoruro.gob.bo\/index.php\/2024\/11\/19\/capacitacion-a-medicos-safci-mejorara-la-atencion-en-salud-para-los-adultos-mayores\/\"><\/a><\/div><div class=\"eael-entry-thumbnail \">\n                <img decoding=\"async\" width=\"768\" height=\"512\" src=\"https:\/\/www.sedesoruro.gob.bo\/wp-content\/uploads\/2024\/11\/WhatsApp-Image-2024-11-01-at-11.02.33-AM-768x512.jpeg\" class=\"attachment-medium_large size-medium_large wp-image-3998\" alt=\"\" srcset=\"https:\/\/www.sedesoruro.gob.bo\/wp-content\/uploads\/2024\/11\/WhatsApp-Image-2024-11-01-at-11.02.33-AM-768x512.jpeg 768w, https:\/\/www.sedesoruro.gob.bo\/wp-content\/uploads\/2024\/11\/WhatsApp-Image-2024-11-01-at-11.02.33-AM-300x200.jpeg 300w, https:\/\/www.sedesoruro.gob.bo\/wp-content\/uploads\/2024\/11\/WhatsApp-Image-2024-11-01-at-11.02.33-AM-1024x683.jpeg 1024w, https:\/\/www.sedesoruro.gob.bo\/wp-content\/uploads\/2024\/11\/WhatsApp-Image-2024-11-01-at-11.02.33-AM.jpeg 1080w\" sizes=\"(max-width: 768px) 100vw, 768px\" \/>\n            <\/div>\n        <\/div><div class=\"eael-entry-wrapper\"><header class=\"eael-entry-header\"><h2 class=\"eael-entry-title\"><a\n                        class=\"eael-grid-post-link\"\n                        href=\"https:\/\/www.sedesoruro.gob.bo\/index.php\/2024\/11\/19\/capacitacion-a-medicos-safci-mejorara-la-atencion-en-salud-para-los-adultos-mayores\/\"\n                        title=\"CAPACITACI\u00d3N A M\u00c9DICOS SAFCI MEJORAR\u00c1 LA ATENCI\u00d3N EN SALUD PARA LOS ADULTOS MAYORES\">CAPACITACI\u00d3N A M\u00c9DICOS SAFCI MEJORAR\u00c1 LA ATENCI\u00d3N EN SALUD PARA LOS ADULTOS MAYORES<\/a><\/h2><\/header><div class=\"eael-entry-content\">\n                        <div class=\"eael-grid-post-excerpt\"><p>A trav\u00e9s del \u00c1rea del Adulto Mayor del Servicio Departamental...<\/p><a\n                            href=\"https:\/\/www.sedesoruro.gob.bo\/index.php\/2024\/11\/19\/capacitacion-a-medicos-safci-mejorara-la-atencion-en-salud-para-los-adultos-mayores\/\"\n                            class=\"eael-post-elements-readmore-btn\">Leer m\u00e1s<\/a><\/div>\n                    <\/div><div class=\"eael-entry-footer\"><div class=\"eael-author-avatar\"><a href=\"https:\/\/www.sedesoruro.gob.bo\/index.php\/author\/userdesse\/\"><img alt='userdesse' src='https:\/\/secure.gravatar.com\/avatar\/d620fe5460db87edd265e5743d4b6428870636320ba06173d03a4368a03d84aa?s=96&#038;d=mm&#038;r=g' srcset='https:\/\/secure.gravatar.com\/avatar\/d620fe5460db87edd265e5743d4b6428870636320ba06173d03a4368a03d84aa?s=192&#038;d=mm&#038;r=g 2x' class='avatar avatar-96 photo' height='96' width='96' \/><\/a><\/div><div class=\"eael-entry-meta\"><span class=\"eael-posted-by\"><a href=\"https:\/\/www.sedesoruro.gob.bo\/index.php\/author\/userdesse\/\" title=\"Entradas de  \" rel=\"author\"> <\/a><\/span><span class=\"eael-posted-on\"><time datetime=\"19 de noviembre de 2024\">19 de noviembre de 2024<\/time><\/span><\/div><\/div><\/div><\/div>\n        <\/div>\n    <\/article><article class=\"eael-grid-post eael-post-grid-column\" data-id=\"3949\">\n        <div class=\"eael-grid-post-holder\">\n            <div class=\"eael-grid-post-holder-inner\"><div class=\"eael-entry-media\"><div class=\"eael-entry-overlay fade-in\"><i class=\"fas fa-long-arrow-alt-right\" aria-hidden=\"true\"><\/i><a href=\"https:\/\/www.sedesoruro.gob.bo\/index.php\/2024\/11\/18\/centro-de-salud-verde-uno-cumple-jornada-de-educacion-en-salud-con-feria-multiprogramatica\/\"><\/a><\/div><div class=\"eael-entry-thumbnail \">\n                <img loading=\"lazy\" decoding=\"async\" width=\"768\" height=\"512\" src=\"https:\/\/www.sedesoruro.gob.bo\/wp-content\/uploads\/2024\/11\/WhatsApp-Image-2024-11-01-at-10.47.30-AM-768x512.jpeg\" class=\"attachment-medium_large size-medium_large wp-image-3954\" alt=\"\" srcset=\"https:\/\/www.sedesoruro.gob.bo\/wp-content\/uploads\/2024\/11\/WhatsApp-Image-2024-11-01-at-10.47.30-AM-768x512.jpeg 768w, https:\/\/www.sedesoruro.gob.bo\/wp-content\/uploads\/2024\/11\/WhatsApp-Image-2024-11-01-at-10.47.30-AM-300x200.jpeg 300w, https:\/\/www.sedesoruro.gob.bo\/wp-content\/uploads\/2024\/11\/WhatsApp-Image-2024-11-01-at-10.47.30-AM-1024x683.jpeg 1024w, https:\/\/www.sedesoruro.gob.bo\/wp-content\/uploads\/2024\/11\/WhatsApp-Image-2024-11-01-at-10.47.30-AM.jpeg 1080w\" sizes=\"(max-width: 768px) 100vw, 768px\" \/>\n            <\/div>\n        <\/div><div class=\"eael-entry-wrapper\"><header class=\"eael-entry-header\"><h2 class=\"eael-entry-title\"><a\n                        class=\"eael-grid-post-link\"\n                        href=\"https:\/\/www.sedesoruro.gob.bo\/index.php\/2024\/11\/18\/centro-de-salud-verde-uno-cumple-jornada-de-educacion-en-salud-con-feria-multiprogramatica\/\"\n                        title=\"CENTRO DE SALUD \u201cVERDE UNO\u201d CUMPLE JORNADA DE EDUCACI\u00d3N EN SALUD CON FERIA MULTIPROGRAM\u00c1TICA\">CENTRO DE SALUD \u201cVERDE UNO\u201d CUMPLE JORNADA DE EDUCACI\u00d3N EN SALUD CON FERIA MULTIPROGRAM\u00c1TICA<\/a><\/h2><\/header><div class=\"eael-entry-content\">\n                        <div class=\"eael-grid-post-excerpt\"><p>Conmemorando el mes de la Lactancia Materna, el Centro de...<\/p><a\n                            href=\"https:\/\/www.sedesoruro.gob.bo\/index.php\/2024\/11\/18\/centro-de-salud-verde-uno-cumple-jornada-de-educacion-en-salud-con-feria-multiprogramatica\/\"\n                            class=\"eael-post-elements-readmore-btn\">Leer m\u00e1s<\/a><\/div>\n                    <\/div><div class=\"eael-entry-footer\"><div class=\"eael-author-avatar\"><a href=\"https:\/\/www.sedesoruro.gob.bo\/index.php\/author\/userdesse\/\"><img alt='userdesse' src='https:\/\/secure.gravatar.com\/avatar\/d620fe5460db87edd265e5743d4b6428870636320ba06173d03a4368a03d84aa?s=96&#038;d=mm&#038;r=g' srcset='https:\/\/secure.gravatar.com\/avatar\/d620fe5460db87edd265e5743d4b6428870636320ba06173d03a4368a03d84aa?s=192&#038;d=mm&#038;r=g 2x' class='avatar avatar-96 photo' height='96' width='96' \/><\/a><\/div><div class=\"eael-entry-meta\"><span class=\"eael-posted-by\"><a href=\"https:\/\/www.sedesoruro.gob.bo\/index.php\/author\/userdesse\/\" title=\"Entradas de  \" rel=\"author\"> <\/a><\/span><span class=\"eael-posted-on\"><time datetime=\"18 de noviembre de 2024\">18 de noviembre de 2024<\/time><\/span><\/div><\/div><\/div><\/div>\n        <\/div>\n    <\/article><article class=\"eael-grid-post eael-post-grid-column\" data-id=\"3934\">\n        <div class=\"eael-grid-post-holder\">\n            <div class=\"eael-grid-post-holder-inner\"><div class=\"eael-entry-media\"><div class=\"eael-entry-overlay fade-in\"><i class=\"fas fa-long-arrow-alt-right\" aria-hidden=\"true\"><\/i><a href=\"https:\/\/www.sedesoruro.gob.bo\/index.php\/2024\/11\/14\/red-de-salud-urbana-en-oruro-realizo-reunion-estrategica-para-mejorar-coberturas-de-vacunacion\/\"><\/a><\/div><div class=\"eael-entry-thumbnail \">\n                <img loading=\"lazy\" decoding=\"async\" width=\"768\" height=\"512\" src=\"https:\/\/www.sedesoruro.gob.bo\/wp-content\/uploads\/2024\/11\/WhatsApp-Image-2024-11-01-at-10.44.54-AM-2-768x512.jpeg\" class=\"attachment-medium_large size-medium_large wp-image-3935\" alt=\"\" srcset=\"https:\/\/www.sedesoruro.gob.bo\/wp-content\/uploads\/2024\/11\/WhatsApp-Image-2024-11-01-at-10.44.54-AM-2-768x512.jpeg 768w, https:\/\/www.sedesoruro.gob.bo\/wp-content\/uploads\/2024\/11\/WhatsApp-Image-2024-11-01-at-10.44.54-AM-2-300x200.jpeg 300w, https:\/\/www.sedesoruro.gob.bo\/wp-content\/uploads\/2024\/11\/WhatsApp-Image-2024-11-01-at-10.44.54-AM-2-1024x683.jpeg 1024w, https:\/\/www.sedesoruro.gob.bo\/wp-content\/uploads\/2024\/11\/WhatsApp-Image-2024-11-01-at-10.44.54-AM-2.jpeg 1080w\" sizes=\"(max-width: 768px) 100vw, 768px\" \/>\n            <\/div>\n        <\/div><div class=\"eael-entry-wrapper\"><header class=\"eael-entry-header\"><h2 class=\"eael-entry-title\"><a\n                        class=\"eael-grid-post-link\"\n                        href=\"https:\/\/www.sedesoruro.gob.bo\/index.php\/2024\/11\/14\/red-de-salud-urbana-en-oruro-realizo-reunion-estrategica-para-mejorar-coberturas-de-vacunacion\/\"\n                        title=\"RED DE SALUD URBANA EN ORURO REALIZO REUNION ESTRATEGICA PARA MEJORAR COBERTURAS DE VACUNACION\">RED DE SALUD URBANA EN ORURO REALIZO REUNION ESTRATEGICA PARA MEJORAR COBERTURAS DE VACUNACION<\/a><\/h2><\/header><div class=\"eael-entry-content\">\n                        <div class=\"eael-grid-post-excerpt\"><p>El Servicio Departamental de Salud (SEDES) Oruro, a trav\u00e9s de...<\/p><a\n                            href=\"https:\/\/www.sedesoruro.gob.bo\/index.php\/2024\/11\/14\/red-de-salud-urbana-en-oruro-realizo-reunion-estrategica-para-mejorar-coberturas-de-vacunacion\/\"\n                            class=\"eael-post-elements-readmore-btn\">Leer m\u00e1s<\/a><\/div>\n                    <\/div><div class=\"eael-entry-footer\"><div class=\"eael-author-avatar\"><a href=\"https:\/\/www.sedesoruro.gob.bo\/index.php\/author\/userdesse\/\"><img alt='userdesse' src='https:\/\/secure.gravatar.com\/avatar\/d620fe5460db87edd265e5743d4b6428870636320ba06173d03a4368a03d84aa?s=96&#038;d=mm&#038;r=g' srcset='https:\/\/secure.gravatar.com\/avatar\/d620fe5460db87edd265e5743d4b6428870636320ba06173d03a4368a03d84aa?s=192&#038;d=mm&#038;r=g 2x' class='avatar avatar-96 photo' height='96' width='96' \/><\/a><\/div><div class=\"eael-entry-meta\"><span class=\"eael-posted-by\"><a href=\"https:\/\/www.sedesoruro.gob.bo\/index.php\/author\/userdesse\/\" title=\"Entradas de  \" rel=\"author\"> <\/a><\/span><span class=\"eael-posted-on\"><time datetime=\"14 de noviembre de 2024\">14 de noviembre de 2024<\/time><\/span><\/div><\/div><\/div><\/div>\n        <\/div>\n    <\/article><article class=\"eael-grid-post eael-post-grid-column\" data-id=\"3229\">\n        <div class=\"eael-grid-post-holder\">\n            <div class=\"eael-grid-post-holder-inner\"><div class=\"eael-entry-media\"><div class=\"eael-entry-overlay fade-in\"><i class=\"fas fa-long-arrow-alt-right\" aria-hidden=\"true\"><\/i><a href=\"https:\/\/www.sedesoruro.gob.bo\/index.php\/2024\/10\/07\/personal-medico-de-oruro-en-alerta-maxima-por-viruela-simica-mpox\/\"><\/a><\/div><div class=\"eael-entry-thumbnail \">\n                <img loading=\"lazy\" decoding=\"async\" width=\"768\" height=\"554\" src=\"https:\/\/www.sedesoruro.gob.bo\/wp-content\/uploads\/2024\/10\/WhatsApp-Image-2024-09-29-at-9.43.53-PM-768x554.jpeg\" class=\"attachment-medium_large size-medium_large wp-image-3230\" alt=\"\" srcset=\"https:\/\/www.sedesoruro.gob.bo\/wp-content\/uploads\/2024\/10\/WhatsApp-Image-2024-09-29-at-9.43.53-PM-768x554.jpeg 768w, https:\/\/www.sedesoruro.gob.bo\/wp-content\/uploads\/2024\/10\/WhatsApp-Image-2024-09-29-at-9.43.53-PM-300x216.jpeg 300w, https:\/\/www.sedesoruro.gob.bo\/wp-content\/uploads\/2024\/10\/WhatsApp-Image-2024-09-29-at-9.43.53-PM-1024x739.jpeg 1024w, https:\/\/www.sedesoruro.gob.bo\/wp-content\/uploads\/2024\/10\/WhatsApp-Image-2024-09-29-at-9.43.53-PM.jpeg 1080w\" sizes=\"(max-width: 768px) 100vw, 768px\" \/>\n            <\/div>\n        <\/div><div class=\"eael-entry-wrapper\"><header class=\"eael-entry-header\"><h2 class=\"eael-entry-title\"><a\n                        class=\"eael-grid-post-link\"\n                        href=\"https:\/\/www.sedesoruro.gob.bo\/index.php\/2024\/10\/07\/personal-medico-de-oruro-en-alerta-maxima-por-viruela-simica-mpox\/\"\n                        title=\"PERSONAL M\u00c9DICO DE ORURO EN ALERTA M\u00c1XIMA POR VIRUELA SIMICA (MPOX)\">PERSONAL M\u00c9DICO DE ORURO EN ALERTA M\u00c1XIMA POR VIRUELA SIMICA (MPOX)<\/a><\/h2><\/header><div class=\"eael-entry-content\">\n                        <div class=\"eael-grid-post-excerpt\"><p>En el marco de la alerta sanitaria por la propagaci\u00f3n...<\/p><a\n                            href=\"https:\/\/www.sedesoruro.gob.bo\/index.php\/2024\/10\/07\/personal-medico-de-oruro-en-alerta-maxima-por-viruela-simica-mpox\/\"\n                            class=\"eael-post-elements-readmore-btn\">Leer m\u00e1s<\/a><\/div>\n                    <\/div><div class=\"eael-entry-footer\"><div class=\"eael-author-avatar\"><a href=\"https:\/\/www.sedesoruro.gob.bo\/index.php\/author\/userdesse\/\"><img alt='userdesse' src='https:\/\/secure.gravatar.com\/avatar\/d620fe5460db87edd265e5743d4b6428870636320ba06173d03a4368a03d84aa?s=96&#038;d=mm&#038;r=g' srcset='https:\/\/secure.gravatar.com\/avatar\/d620fe5460db87edd265e5743d4b6428870636320ba06173d03a4368a03d84aa?s=192&#038;d=mm&#038;r=g 2x' class='avatar avatar-96 photo' height='96' width='96' \/><\/a><\/div><div class=\"eael-entry-meta\"><span class=\"eael-posted-by\"><a href=\"https:\/\/www.sedesoruro.gob.bo\/index.php\/author\/userdesse\/\" title=\"Entradas de  \" rel=\"author\"> <\/a><\/span><span class=\"eael-posted-on\"><time datetime=\"7 de octubre de 2024\">7 de octubre de 2024<\/time><\/span><\/div><\/div><\/div><\/div>\n        <\/div>\n    <\/article><article class=\"eael-grid-post eael-post-grid-column\" data-id=\"3206\">\n        <div class=\"eael-grid-post-holder\">\n            <div class=\"eael-grid-post-holder-inner\"><div class=\"eael-entry-media\"><div class=\"eael-entry-overlay fade-in\"><i class=\"fas fa-long-arrow-alt-right\" aria-hidden=\"true\"><\/i><a href=\"https:\/\/www.sedesoruro.gob.bo\/index.php\/2024\/10\/04\/en-conmemoracion-a-san-roque\/\"><\/a><\/div><div class=\"eael-entry-thumbnail \">\n                <img loading=\"lazy\" decoding=\"async\" width=\"768\" height=\"615\" src=\"https:\/\/www.sedesoruro.gob.bo\/wp-content\/uploads\/2024\/10\/WhatsApp-Image-2024-09-29-at-9.36.39-PM-768x615.jpeg\" class=\"attachment-medium_large size-medium_large wp-image-3209\" alt=\"\" srcset=\"https:\/\/www.sedesoruro.gob.bo\/wp-content\/uploads\/2024\/10\/WhatsApp-Image-2024-09-29-at-9.36.39-PM-768x615.jpeg 768w, https:\/\/www.sedesoruro.gob.bo\/wp-content\/uploads\/2024\/10\/WhatsApp-Image-2024-09-29-at-9.36.39-PM-300x240.jpeg 300w, https:\/\/www.sedesoruro.gob.bo\/wp-content\/uploads\/2024\/10\/WhatsApp-Image-2024-09-29-at-9.36.39-PM-1024x820.jpeg 1024w, https:\/\/www.sedesoruro.gob.bo\/wp-content\/uploads\/2024\/10\/WhatsApp-Image-2024-09-29-at-9.36.39-PM.jpeg 1080w\" sizes=\"(max-width: 768px) 100vw, 768px\" \/>\n            <\/div>\n        <\/div><div class=\"eael-entry-wrapper\"><header class=\"eael-entry-header\"><h2 class=\"eael-entry-title\"><a\n                        class=\"eael-grid-post-link\"\n                        href=\"https:\/\/www.sedesoruro.gob.bo\/index.php\/2024\/10\/04\/en-conmemoracion-a-san-roque\/\"\n                        title=\"EN CONMEMORACI\u00d3N A SAN ROQUE\">EN CONMEMORACI\u00d3N A SAN ROQUE<\/a><\/h2><\/header><div class=\"eael-entry-content\">\n                        <div class=\"eael-grid-post-excerpt\"><p>SEDES ORURO ORGANIZ\u00d3 DIFERENTES ACTIVIDADES SOBRE TENENCIA RESPONSABLE DE MASCOTAS...<\/p><a\n                            href=\"https:\/\/www.sedesoruro.gob.bo\/index.php\/2024\/10\/04\/en-conmemoracion-a-san-roque\/\"\n                            class=\"eael-post-elements-readmore-btn\">Leer m\u00e1s<\/a><\/div>\n                    <\/div><div class=\"eael-entry-footer\"><div class=\"eael-author-avatar\"><a href=\"https:\/\/www.sedesoruro.gob.bo\/index.php\/author\/userdesse\/\"><img alt='userdesse' src='https:\/\/secure.gravatar.com\/avatar\/d620fe5460db87edd265e5743d4b6428870636320ba06173d03a4368a03d84aa?s=96&#038;d=mm&#038;r=g' srcset='https:\/\/secure.gravatar.com\/avatar\/d620fe5460db87edd265e5743d4b6428870636320ba06173d03a4368a03d84aa?s=192&#038;d=mm&#038;r=g 2x' class='avatar avatar-96 photo' height='96' width='96' \/><\/a><\/div><div class=\"eael-entry-meta\"><span class=\"eael-posted-by\"><a href=\"https:\/\/www.sedesoruro.gob.bo\/index.php\/author\/userdesse\/\" title=\"Entradas de  \" rel=\"author\"> <\/a><\/span><span class=\"eael-posted-on\"><time datetime=\"4 de octubre de 2024\">4 de octubre de 2024<\/time><\/span><\/div><\/div><\/div><\/div>\n        <\/div>\n    <\/article><article class=\"eael-grid-post eael-post-grid-column\" data-id=\"3187\">\n        <div class=\"eael-grid-post-holder\">\n            <div class=\"eael-grid-post-holder-inner\"><div class=\"eael-entry-media\"><div class=\"eael-entry-overlay fade-in\"><i class=\"fas fa-long-arrow-alt-right\" aria-hidden=\"true\"><\/i><a href=\"https:\/\/www.sedesoruro.gob.bo\/index.php\/2024\/10\/04\/sedes-oruro-promueve-la-importancia-y-beneficios-de-la-lactancia-materna-exclusiva\/\"><\/a><\/div><div class=\"eael-entry-thumbnail \">\n                <img loading=\"lazy\" decoding=\"async\" width=\"768\" height=\"512\" src=\"https:\/\/www.sedesoruro.gob.bo\/wp-content\/uploads\/2024\/10\/WhatsApp-Image-2024-09-29-at-9.24.08-PM-768x512.jpeg\" class=\"attachment-medium_large size-medium_large wp-image-3194\" alt=\"\" srcset=\"https:\/\/www.sedesoruro.gob.bo\/wp-content\/uploads\/2024\/10\/WhatsApp-Image-2024-09-29-at-9.24.08-PM-768x512.jpeg 768w, https:\/\/www.sedesoruro.gob.bo\/wp-content\/uploads\/2024\/10\/WhatsApp-Image-2024-09-29-at-9.24.08-PM-300x200.jpeg 300w, https:\/\/www.sedesoruro.gob.bo\/wp-content\/uploads\/2024\/10\/WhatsApp-Image-2024-09-29-at-9.24.08-PM-1024x683.jpeg 1024w, https:\/\/www.sedesoruro.gob.bo\/wp-content\/uploads\/2024\/10\/WhatsApp-Image-2024-09-29-at-9.24.08-PM.jpeg 1080w\" sizes=\"(max-width: 768px) 100vw, 768px\" \/>\n            <\/div>\n        <\/div><div class=\"eael-entry-wrapper\"><header class=\"eael-entry-header\"><h2 class=\"eael-entry-title\"><a\n                        class=\"eael-grid-post-link\"\n                        href=\"https:\/\/www.sedesoruro.gob.bo\/index.php\/2024\/10\/04\/sedes-oruro-promueve-la-importancia-y-beneficios-de-la-lactancia-materna-exclusiva\/\"\n                        title=\"SEDES ORURO PROMUEVE LA IMPORTANCIA Y BENEFICIOS DE LA LACTANCIA MATERNA EXCLUSIVA\">SEDES ORURO PROMUEVE LA IMPORTANCIA Y BENEFICIOS DE LA LACTANCIA MATERNA EXCLUSIVA<\/a><\/h2><\/header><div class=\"eael-entry-content\">\n                        <div class=\"eael-grid-post-excerpt\"><p>\u00a0 El Servicio Departamental de Salud (SEDES) Oruro, a trav\u00e9s...<\/p><a\n                            href=\"https:\/\/www.sedesoruro.gob.bo\/index.php\/2024\/10\/04\/sedes-oruro-promueve-la-importancia-y-beneficios-de-la-lactancia-materna-exclusiva\/\"\n                            class=\"eael-post-elements-readmore-btn\">Leer m\u00e1s<\/a><\/div>\n                    <\/div><div class=\"eael-entry-footer\"><div class=\"eael-author-avatar\"><a href=\"https:\/\/www.sedesoruro.gob.bo\/index.php\/author\/userdesse\/\"><img alt='userdesse' src='https:\/\/secure.gravatar.com\/avatar\/d620fe5460db87edd265e5743d4b6428870636320ba06173d03a4368a03d84aa?s=96&#038;d=mm&#038;r=g' srcset='https:\/\/secure.gravatar.com\/avatar\/d620fe5460db87edd265e5743d4b6428870636320ba06173d03a4368a03d84aa?s=192&#038;d=mm&#038;r=g 2x' class='avatar avatar-96 photo' height='96' width='96' \/><\/a><\/div><div class=\"eael-entry-meta\"><span class=\"eael-posted-by\"><a href=\"https:\/\/www.sedesoruro.gob.bo\/index.php\/author\/userdesse\/\" title=\"Entradas de  \" rel=\"author\"> <\/a><\/span><span class=\"eael-posted-on\"><time datetime=\"4 de octubre de 2024\">4 de octubre de 2024<\/time><\/span><\/div><\/div><\/div><\/div>\n        <\/div>\n    <\/article><article class=\"eael-grid-post eael-post-grid-column\" data-id=\"3152\">\n        <div class=\"eael-grid-post-holder\">\n            <div class=\"eael-grid-post-holder-inner\"><div class=\"eael-entry-media\"><div class=\"eael-entry-overlay fade-in\"><i class=\"fas fa-long-arrow-alt-right\" aria-hidden=\"true\"><\/i><a href=\"https:\/\/www.sedesoruro.gob.bo\/index.php\/2024\/10\/02\/sedes-promueve-la-prevencion-de-embarazos-en-adolescentes-a-traves-de-la-plataforma-multisectorial\/\"><\/a><\/div><div class=\"eael-entry-thumbnail \">\n                <img loading=\"lazy\" decoding=\"async\" width=\"768\" height=\"561\" src=\"https:\/\/www.sedesoruro.gob.bo\/wp-content\/uploads\/2024\/10\/WhatsApp-Image-2024-09-29-at-9.14.23-PM-768x561.jpeg\" class=\"attachment-medium_large size-medium_large wp-image-3158\" alt=\"\" srcset=\"https:\/\/www.sedesoruro.gob.bo\/wp-content\/uploads\/2024\/10\/WhatsApp-Image-2024-09-29-at-9.14.23-PM-768x561.jpeg 768w, https:\/\/www.sedesoruro.gob.bo\/wp-content\/uploads\/2024\/10\/WhatsApp-Image-2024-09-29-at-9.14.23-PM-300x219.jpeg 300w, https:\/\/www.sedesoruro.gob.bo\/wp-content\/uploads\/2024\/10\/WhatsApp-Image-2024-09-29-at-9.14.23-PM-1024x748.jpeg 1024w, https:\/\/www.sedesoruro.gob.bo\/wp-content\/uploads\/2024\/10\/WhatsApp-Image-2024-09-29-at-9.14.23-PM.jpeg 1080w\" sizes=\"(max-width: 768px) 100vw, 768px\" \/>\n            <\/div>\n        <\/div><div class=\"eael-entry-wrapper\"><header class=\"eael-entry-header\"><h2 class=\"eael-entry-title\"><a\n                        class=\"eael-grid-post-link\"\n                        href=\"https:\/\/www.sedesoruro.gob.bo\/index.php\/2024\/10\/02\/sedes-promueve-la-prevencion-de-embarazos-en-adolescentes-a-traves-de-la-plataforma-multisectorial\/\"\n                        title=\"SEDES PROMUEVE LA PREVENCION DE EMBARAZOS EN ADOLESCENTES A TRAVES DE LA PLATAFORMA MULTISECTORIAL\">SEDES PROMUEVE LA PREVENCION DE EMBARAZOS EN ADOLESCENTES A TRAVES DE LA PLATAFORMA MULTISECTORIAL<\/a><\/h2><\/header><div class=\"eael-entry-content\">\n                        <div class=\"eael-grid-post-excerpt\"><p>En el municipio de Oruro SEDES PROMUEVE LA PREVENCION DE...<\/p><a\n                            href=\"https:\/\/www.sedesoruro.gob.bo\/index.php\/2024\/10\/02\/sedes-promueve-la-prevencion-de-embarazos-en-adolescentes-a-traves-de-la-plataforma-multisectorial\/\"\n                            class=\"eael-post-elements-readmore-btn\">Leer m\u00e1s<\/a><\/div>\n                    <\/div><div class=\"eael-entry-footer\"><div class=\"eael-author-avatar\"><a href=\"https:\/\/www.sedesoruro.gob.bo\/index.php\/author\/userdesse\/\"><img alt='userdesse' src='https:\/\/secure.gravatar.com\/avatar\/d620fe5460db87edd265e5743d4b6428870636320ba06173d03a4368a03d84aa?s=96&#038;d=mm&#038;r=g' srcset='https:\/\/secure.gravatar.com\/avatar\/d620fe5460db87edd265e5743d4b6428870636320ba06173d03a4368a03d84aa?s=192&#038;d=mm&#038;r=g 2x' class='avatar avatar-96 photo' height='96' width='96' \/><\/a><\/div><div class=\"eael-entry-meta\"><span class=\"eael-posted-by\"><a href=\"https:\/\/www.sedesoruro.gob.bo\/index.php\/author\/userdesse\/\" title=\"Entradas de  \" rel=\"author\"> <\/a><\/span><span class=\"eael-posted-on\"><time datetime=\"2 de octubre de 2024\">2 de octubre de 2024<\/time><\/span><\/div><\/div><\/div><\/div>\n        <\/div>\n    <\/article><\/div>\n            <div class=\"clearfix\"><\/div>\n        <\/div>            <div class=\"eael-load-more-button-wrap eael-infinity-scroll\" data-offset=\"-200\">\n                <button class=\"eael-load-more-button\" id=\"eael-load-more-btn-a4bf5a4\" data-widget-id=\"a4bf5a4\" data-widget=\"a4bf5a4\" data-page-id=\"1407\" data-template=\"{&quot;dir&quot;:&quot;lite&quot;,&quot;file_name&quot;:&quot;default.php&quot;,&quot;name&quot;:&quot;Post-Grid&quot;}\" data-class=\"Essential_Addons_Elementor\\Elements\\Post_Grid\" data-layout=\"grid\" data-page=\"1\" data-args=\"orderby=date&amp;order=desc&amp;ignore_sticky_posts=1&amp;post_status=publish&amp;posts_per_page=9&amp;offset=1&amp;post_type=post&amp;tax_query%5B0%5D%5Btaxonomy%5D=category&amp;tax_query%5B0%5D%5Bfield%5D=term_id&amp;tax_query%5B0%5D%5Bterms%5D%5B0%5D=17&amp;tax_query%5Brelation%5D=AND\" data-max-page=\"3\">\n                    <span class=\"eael-btn-loader button__loader\"><\/span>\n                    <span class=\"eael_load_more_text\">Cargar m\u00e1s<\/span>\n                <\/button>\n            <\/div>\n            \t\t\t\t<\/div>\n\t\t\t\t<\/div>\n\t\t\t\t\t<\/div>\n\t\t\t\t<\/div>\n\t\t\t\t<\/div>\n\t\t","protected":false},"excerpt":{"rendered":"<p>UNIDAD DE COMUNICACI\u00d3N EN CONMEMORACI\u00d3N A SAN ROQUE SEDES ORURO ORGANIZ\u00d3 DIFERENTES ACTIVIDADES SOBRE TENENCIA RESPONSABLE DE MASCOTAS&#8230; Leer m\u00e1s 4 de octubre de 2024 SEDES ORURO PROMUEVE LA IMPORTANCIA Y BENEFICIOS DE LA&#46;&#46;&#46;<\/p>\n","protected":false},"author":1,"featured_media":0,"parent":0,"menu_order":0,"comment_status":"closed","ping_status":"closed","template":"","meta":{"_cbd_carousel_blocks":"[]","footnotes":""},"class_list":["post-1407","page","type-page","status-publish","hentry"],"yoast_head":"<!-- This site is optimized with the Yoast SEO plugin v23.1 - https:\/\/yoast.com\/wordpress\/plugins\/seo\/ -->\n<title>Unidad de Comunicaci\u00f3n<\/title>\n<meta name=\"robots\" content=\"index, follow, max-snippet:-1, max-image-preview:large, max-video-preview:-1\" \/>\n<link rel=\"canonical\" href=\"https:\/\/www.sedesoruro.gob.bo\/index.php\/unidadcomunicacion\/\" \/>\n<meta property=\"og:locale\" content=\"es_ES\" \/>\n<meta property=\"og:type\" content=\"article\" \/>\n<meta property=\"og:title\" content=\"Unidad de Comunicaci\u00f3n\" \/>\n<meta property=\"og:description\" content=\"UNIDAD DE COMUNICACI\u00d3N EN CONMEMORACI\u00d3N A SAN ROQUE SEDES ORURO ORGANIZ\u00d3 DIFERENTES ACTIVIDADES SOBRE TENENCIA RESPONSABLE DE MASCOTAS&#8230; Leer m\u00e1s 4 de octubre de 2024 SEDES ORURO PROMUEVE LA IMPORTANCIA Y BENEFICIOS DE LA&#046;&#046;&#046;\" \/>\n<meta property=\"og:url\" content=\"https:\/\/www.sedesoruro.gob.bo\/index.php\/unidadcomunicacion\/\" \/>\n<meta property=\"og:site_name\" content=\"SERVICIO DEPARTAMENTAL DE SALUD - ORURO\" \/>\n<meta property=\"article:publisher\" content=\"https:\/\/www.facebook.com\/SEDESOR\" \/>\n<meta property=\"article:modified_time\" content=\"2024-10-10T03:32:12+00:00\" \/>\n<meta property=\"og:image\" content=\"https:\/\/www.sedesoruro.gob.bo\/wp-content\/uploads\/2024\/10\/WhatsApp-Image-2024-09-29-at-9.36.39-PM-768x615.jpeg\" \/>\n<meta name=\"twitter:card\" content=\"summary_large_image\" \/>\n<meta name=\"twitter:label1\" content=\"Tiempo de lectura\" \/>\n\t<meta name=\"twitter:data1\" content=\"5 minutos\" \/>\n<script type=\"application\/ld+json\" class=\"yoast-schema-graph\">{\"@context\":\"https:\/\/schema.org\",\"@graph\":[{\"@type\":\"WebPage\",\"@id\":\"https:\/\/www.sedesoruro.gob.bo\/index.php\/unidadcomunicacion\/\",\"url\":\"https:\/\/www.sedesoruro.gob.bo\/index.php\/unidadcomunicacion\/\",\"name\":\"Unidad de Comunicaci\u00f3n\",\"isPartOf\":{\"@id\":\"https:\/\/www.sedesoruro.gob.bo\/#website\"},\"primaryImageOfPage\":{\"@id\":\"https:\/\/www.sedesoruro.gob.bo\/index.php\/unidadcomunicacion\/#primaryimage\"},\"image\":{\"@id\":\"https:\/\/www.sedesoruro.gob.bo\/index.php\/unidadcomunicacion\/#primaryimage\"},\"thumbnailUrl\":\"https:\/\/www.sedesoruro.gob.bo\/wp-content\/uploads\/2024\/10\/WhatsApp-Image-2024-09-29-at-9.36.39-PM-768x615.jpeg\",\"datePublished\":\"2024-07-22T17:22:07+00:00\",\"dateModified\":\"2024-10-10T03:32:12+00:00\",\"breadcrumb\":{\"@id\":\"https:\/\/www.sedesoruro.gob.bo\/index.php\/unidadcomunicacion\/#breadcrumb\"},\"inLanguage\":\"es\",\"potentialAction\":[{\"@type\":\"ReadAction\",\"target\":[\"https:\/\/www.sedesoruro.gob.bo\/index.php\/unidadcomunicacion\/\"]}]},{\"@type\":\"ImageObject\",\"inLanguage\":\"es\",\"@id\":\"https:\/\/www.sedesoruro.gob.bo\/index.php\/unidadcomunicacion\/#primaryimage\",\"url\":\"https:\/\/www.sedesoruro.gob.bo\/wp-content\/uploads\/2024\/10\/WhatsApp-Image-2024-09-29-at-9.36.39-PM.jpeg\",\"contentUrl\":\"https:\/\/www.sedesoruro.gob.bo\/wp-content\/uploads\/2024\/10\/WhatsApp-Image-2024-09-29-at-9.36.39-PM.jpeg\",\"width\":1080,\"height\":865},{\"@type\":\"BreadcrumbList\",\"@id\":\"https:\/\/www.sedesoruro.gob.bo\/index.php\/unidadcomunicacion\/#breadcrumb\",\"itemListElement\":[{\"@type\":\"ListItem\",\"position\":1,\"name\":\"Portada\",\"item\":\"https:\/\/www.sedesoruro.gob.bo\/\"},{\"@type\":\"ListItem\",\"position\":2,\"name\":\"Unidad de Comunicaci\u00f3n\"}]},{\"@type\":\"WebSite\",\"@id\":\"https:\/\/www.sedesoruro.gob.bo\/#website\",\"url\":\"https:\/\/www.sedesoruro.gob.bo\/\",\"name\":\"sedesoruro.gob.bo\",\"description\":\"SERVICIO DEPARTAMENTAL DE SALUD - ORURO\",\"publisher\":{\"@id\":\"https:\/\/www.sedesoruro.gob.bo\/#organization\"},\"alternateName\":\"Servicio Departamental de Salud - Oruro\",\"potentialAction\":[{\"@type\":\"SearchAction\",\"target\":{\"@type\":\"EntryPoint\",\"urlTemplate\":\"https:\/\/www.sedesoruro.gob.bo\/?s={search_term_string}\"},\"query-input\":\"required name=search_term_string\"}],\"inLanguage\":\"es\"},{\"@type\":\"Organization\",\"@id\":\"https:\/\/www.sedesoruro.gob.bo\/#organization\",\"name\":\"Servicio Departamental de Salud - Oruro\",\"alternateName\":\"SEDES ORURO\",\"url\":\"https:\/\/www.sedesoruro.gob.bo\/\",\"logo\":{\"@type\":\"ImageObject\",\"inLanguage\":\"es\",\"@id\":\"https:\/\/www.sedesoruro.gob.bo\/#\/schema\/logo\/image\/\",\"url\":\"https:\/\/www.sedesoruro.gob.bo\/wp-content\/uploads\/2024\/08\/LOGO-SEDES.jpg\",\"contentUrl\":\"https:\/\/www.sedesoruro.gob.bo\/wp-content\/uploads\/2024\/08\/LOGO-SEDES.jpg\",\"width\":226,\"height\":223,\"caption\":\"Servicio Departamental de Salud - Oruro\"},\"image\":{\"@id\":\"https:\/\/www.sedesoruro.gob.bo\/#\/schema\/logo\/image\/\"},\"sameAs\":[\"https:\/\/www.facebook.com\/SEDESOR\"]}]}<\/script>\n<!-- \/ Yoast SEO plugin. -->","yoast_head_json":{"title":"Unidad de Comunicaci\u00f3n","robots":{"index":"index","follow":"follow","max-snippet":"max-snippet:-1","max-image-preview":"max-image-preview:large","max-video-preview":"max-video-preview:-1"},"canonical":"https:\/\/www.sedesoruro.gob.bo\/index.php\/unidadcomunicacion\/","og_locale":"es_ES","og_type":"article","og_title":"Unidad de Comunicaci\u00f3n","og_description":"UNIDAD DE COMUNICACI\u00d3N EN CONMEMORACI\u00d3N A SAN ROQUE SEDES ORURO ORGANIZ\u00d3 DIFERENTES ACTIVIDADES SOBRE TENENCIA RESPONSABLE DE MASCOTAS&#8230; Leer m\u00e1s 4 de octubre de 2024 SEDES ORURO PROMUEVE LA IMPORTANCIA Y BENEFICIOS DE LA&#46;&#46;&#46;","og_url":"https:\/\/www.sedesoruro.gob.bo\/index.php\/unidadcomunicacion\/","og_site_name":"SERVICIO DEPARTAMENTAL DE SALUD - ORURO","article_publisher":"https:\/\/www.facebook.com\/SEDESOR","article_modified_time":"2024-10-10T03:32:12+00:00","og_image":[{"url":"https:\/\/www.sedesoruro.gob.bo\/wp-content\/uploads\/2024\/10\/WhatsApp-Image-2024-09-29-at-9.36.39-PM-768x615.jpeg"}],"twitter_card":"summary_large_image","twitter_misc":{"Tiempo de lectura":"5 minutos"},"schema":{"@context":"https:\/\/schema.org","@graph":[{"@type":"WebPage","@id":"https:\/\/www.sedesoruro.gob.bo\/index.php\/unidadcomunicacion\/","url":"https:\/\/www.sedesoruro.gob.bo\/index.php\/unidadcomunicacion\/","name":"Unidad de Comunicaci\u00f3n","isPartOf":{"@id":"https:\/\/www.sedesoruro.gob.bo\/#website"},"primaryImageOfPage":{"@id":"https:\/\/www.sedesoruro.gob.bo\/index.php\/unidadcomunicacion\/#primaryimage"},"image":{"@id":"https:\/\/www.sedesoruro.gob.bo\/index.php\/unidadcomunicacion\/#primaryimage"},"thumbnailUrl":"https:\/\/www.sedesoruro.gob.bo\/wp-content\/uploads\/2024\/10\/WhatsApp-Image-2024-09-29-at-9.36.39-PM-768x615.jpeg","datePublished":"2024-07-22T17:22:07+00:00","dateModified":"2024-10-10T03:32:12+00:00","breadcrumb":{"@id":"https:\/\/www.sedesoruro.gob.bo\/index.php\/unidadcomunicacion\/#breadcrumb"},"inLanguage":"es","potentialAction":[{"@type":"ReadAction","target":["https:\/\/www.sedesoruro.gob.bo\/index.php\/unidadcomunicacion\/"]}]},{"@type":"ImageObject","inLanguage":"es","@id":"https:\/\/www.sedesoruro.gob.bo\/index.php\/unidadcomunicacion\/#primaryimage","url":"https:\/\/www.sedesoruro.gob.bo\/wp-content\/uploads\/2024\/10\/WhatsApp-Image-2024-09-29-at-9.36.39-PM.jpeg","contentUrl":"https:\/\/www.sedesoruro.gob.bo\/wp-content\/uploads\/2024\/10\/WhatsApp-Image-2024-09-29-at-9.36.39-PM.jpeg","width":1080,"height":865},{"@type":"BreadcrumbList","@id":"https:\/\/www.sedesoruro.gob.bo\/index.php\/unidadcomunicacion\/#breadcrumb","itemListElement":[{"@type":"ListItem","position":1,"name":"Portada","item":"https:\/\/www.sedesoruro.gob.bo\/"},{"@type":"ListItem","position":2,"name":"Unidad de Comunicaci\u00f3n"}]},{"@type":"WebSite","@id":"https:\/\/www.sedesoruro.gob.bo\/#website","url":"https:\/\/www.sedesoruro.gob.bo\/","name":"sedesoruro.gob.bo","description":"SERVICIO DEPARTAMENTAL DE SALUD - ORURO","publisher":{"@id":"https:\/\/www.sedesoruro.gob.bo\/#organization"},"alternateName":"Servicio Departamental de Salud - Oruro","potentialAction":[{"@type":"SearchAction","target":{"@type":"EntryPoint","urlTemplate":"https:\/\/www.sedesoruro.gob.bo\/?s={search_term_string}"},"query-input":"required name=search_term_string"}],"inLanguage":"es"},{"@type":"Organization","@id":"https:\/\/www.sedesoruro.gob.bo\/#organization","name":"Servicio Departamental de Salud - Oruro","alternateName":"SEDES ORURO","url":"https:\/\/www.sedesoruro.gob.bo\/","logo":{"@type":"ImageObject","inLanguage":"es","@id":"https:\/\/www.sedesoruro.gob.bo\/#\/schema\/logo\/image\/","url":"https:\/\/www.sedesoruro.gob.bo\/wp-content\/uploads\/2024\/08\/LOGO-SEDES.jpg","contentUrl":"https:\/\/www.sedesoruro.gob.bo\/wp-content\/uploads\/2024\/08\/LOGO-SEDES.jpg","width":226,"height":223,"caption":"Servicio Departamental de Salud - Oruro"},"image":{"@id":"https:\/\/www.sedesoruro.gob.bo\/#\/schema\/logo\/image\/"},"sameAs":["https:\/\/www.facebook.com\/SEDESOR"]}]}},"_links":{"self":[{"href":"https:\/\/www.sedesoruro.gob.bo\/index.php\/wp-json\/wp\/v2\/pages\/1407","targetHints":{"allow":["GET"]}}],"collection":[{"href":"https:\/\/www.sedesoruro.gob.bo\/index.php\/wp-json\/wp\/v2\/pages"}],"about":[{"href":"https:\/\/www.sedesoruro.gob.bo\/index.php\/wp-json\/wp\/v2\/types\/page"}],"author":[{"embeddable":true,"href":"https:\/\/www.sedesoruro.gob.bo\/index.php\/wp-json\/wp\/v2\/users\/1"}],"replies":[{"embeddable":true,"href":"https:\/\/www.sedesoruro.gob.bo\/index.php\/wp-json\/wp\/v2\/comments?post=1407"}],"version-history":[{"count":34,"href":"https:\/\/www.sedesoruro.gob.bo\/index.php\/wp-json\/wp\/v2\/pages\/1407\/revisions"}],"predecessor-version":[{"id":3672,"href":"https:\/\/www.sedesoruro.gob.bo\/index.php\/wp-json\/wp\/v2\/pages\/1407\/revisions\/3672"}],"wp:attachment":[{"href":"https:\/\/www.sedesoruro.gob.bo\/index.php\/wp-json\/wp\/v2\/media?parent=1407"}],"curies":[{"name":"wp","href":"https:\/\/api.w.org\/{rel}","templated":true}]}}