{"id":1410,"date":"2024-07-22T15:36:16","date_gmt":"2024-07-22T19:36:16","guid":{"rendered":"https:\/\/www.sedesoruro.gob.bo\/?page_id=1410"},"modified":"2024-10-09T23:17:04","modified_gmt":"2024-10-10T03:17:04","slug":"uniepidemiologia","status":"publish","type":"page","link":"https:\/\/www.sedesoruro.gob.bo\/index.php\/uniepidemiologia\/","title":{"rendered":"Unidad de Epidemiologia e Investigaci\u00f3n"},"content":{"rendered":"\t\t<div data-elementor-type=\"wp-page\" data-elementor-id=\"1410\" class=\"elementor elementor-1410\">\n\t\t\t\t<div class=\"elementor-element elementor-element-d4a5c44 e-con-full e-flex e-con e-parent\" data-id=\"d4a5c44\" data-element_type=\"container\">\n\t\t\t\t<div class=\"elementor-element elementor-element-3171ac5 elementor-widget elementor-widget-image\" data-id=\"3171ac5\" data-element_type=\"widget\" data-widget_type=\"image.default\">\n\t\t\t\t<div class=\"elementor-widget-container\">\n\t\t\t\t\t\t\t\t\t\t\t\t\t\t\t<img fetchpriority=\"high\" decoding=\"async\" width=\"1600\" height=\"640\" src=\"https:\/\/www.sedesoruro.gob.bo\/wp-content\/uploads\/2024\/08\/epidemiologia.jpeg\" class=\"attachment-full size-full wp-image-2123\" alt=\"\" srcset=\"https:\/\/www.sedesoruro.gob.bo\/wp-content\/uploads\/2024\/08\/epidemiologia.jpeg 1600w, https:\/\/www.sedesoruro.gob.bo\/wp-content\/uploads\/2024\/08\/epidemiologia-300x120.jpeg 300w, https:\/\/www.sedesoruro.gob.bo\/wp-content\/uploads\/2024\/08\/epidemiologia-1024x410.jpeg 1024w, https:\/\/www.sedesoruro.gob.bo\/wp-content\/uploads\/2024\/08\/epidemiologia-768x307.jpeg 768w, https:\/\/www.sedesoruro.gob.bo\/wp-content\/uploads\/2024\/08\/epidemiologia-1536x614.jpeg 1536w\" sizes=\"(max-width: 1600px) 100vw, 1600px\" \/>\t\t\t\t\t\t\t\t\t\t\t\t\t\t\t<\/div>\n\t\t\t\t<\/div>\n\t\t\t\t<\/div>\n\t\t<div class=\"elementor-element elementor-element-30ba75c e-flex e-con-boxed e-con e-parent\" data-id=\"30ba75c\" data-element_type=\"container\">\n\t\t\t\t\t<div class=\"e-con-inner\">\n\t\t\t\t<div class=\"elementor-element elementor-element-038bc49 elementor-widget elementor-widget-spacer\" data-id=\"038bc49\" data-element_type=\"widget\" data-widget_type=\"spacer.default\">\n\t\t\t\t<div class=\"elementor-widget-container\">\n\t\t\t\t\t\t\t<div class=\"elementor-spacer\">\n\t\t\t<div class=\"elementor-spacer-inner\"><\/div>\n\t\t<\/div>\n\t\t\t\t\t\t<\/div>\n\t\t\t\t<\/div>\n\t\t\t\t\t<\/div>\n\t\t\t\t<\/div>\n\t\t<div class=\"elementor-element elementor-element-9ddc467 e-flex e-con-boxed e-con e-parent\" data-id=\"9ddc467\" data-element_type=\"container\">\n\t\t\t\t\t<div class=\"e-con-inner\">\n\t\t\t\t<div class=\"elementor-element elementor-element-ac5ffd2 elementor-widget-divider--view-line_icon elementor-view-default elementor-widget-divider--element-align-center elementor-invisible elementor-widget elementor-widget-divider\" data-id=\"ac5ffd2\" data-element_type=\"widget\" data-settings=\"{&quot;_animation&quot;:&quot;fadeInLeft&quot;}\" data-widget_type=\"divider.default\">\n\t\t\t\t<div class=\"elementor-widget-container\">\n\t\t\t\t\t\t\t<div class=\"elementor-divider\">\n\t\t\t<span class=\"elementor-divider-separator\">\n\t\t\t\t\t\t\t<div class=\"elementor-icon elementor-divider__element\">\n\t\t\t\t\t<svg aria-hidden=\"true\" class=\"e-font-icon-svg e-fas-ellipsis-h\" viewBox=\"0 0 512 512\" xmlns=\"http:\/\/www.w3.org\/2000\/svg\"><path d=\"M328 256c0 39.8-32.2 72-72 72s-72-32.2-72-72 32.2-72 72-72 72 32.2 72 72zm104-72c-39.8 0-72 32.2-72 72s32.2 72 72 72 72-32.2 72-72-32.2-72-72-72zm-352 0c-39.8 0-72 32.2-72 72s32.2 72 72 72 72-32.2 72-72-32.2-72-72-72z\"><\/path><\/svg><\/div>\n\t\t\t\t\t\t<\/span>\n\t\t<\/div>\n\t\t\t\t\t\t<\/div>\n\t\t\t\t<\/div>\n\t\t\t\t\t<\/div>\n\t\t\t\t<\/div>\n\t\t<div class=\"elementor-element elementor-element-6dc472c e-flex e-con-boxed e-con e-parent\" data-id=\"6dc472c\" data-element_type=\"container\">\n\t\t\t\t\t<div class=\"e-con-inner\">\n\t\t\t\t<div class=\"elementor-element elementor-element-b2d8540 elementor-widget elementor-widget-heading\" data-id=\"b2d8540\" data-element_type=\"widget\" data-widget_type=\"heading.default\">\n\t\t\t\t<div class=\"elementor-widget-container\">\n\t\t\t\t\t<h4 class=\"elementor-heading-title elementor-size-default\">Objetivo<\/h4>\t\t\t\t<\/div>\n\t\t\t\t<\/div>\n\t\t\t\t\t<\/div>\n\t\t\t\t<\/div>\n\t\t<div class=\"elementor-element elementor-element-05ac914 e-flex e-con-boxed e-con e-parent\" data-id=\"05ac914\" data-element_type=\"container\">\n\t\t\t\t\t<div class=\"e-con-inner\">\n\t\t\t\t<div class=\"elementor-element elementor-element-4ade2a6 elementor-widget elementor-widget-text-editor\" data-id=\"4ade2a6\" data-element_type=\"widget\" data-widget_type=\"text-editor.default\">\n\t\t\t\t<div class=\"elementor-widget-container\">\n\t\t\t\t\t\t\t\t\t<p><span style=\"color: #000000;\">Promover, prevenir, controlar la ocurrencia de eventos que afecten a la salud p\u00fablica de la poblaci\u00f3n, mediante la observaci\u00f3n sistem\u00e1tica de la frecuencia, tendencia y determinantes de la salud como factores de riesgo, estableciendo medidas oportunas, eficientes y efectivas para la, prevenci\u00f3n, control, eliminaci\u00f3n o erradicaci\u00f3n de las enfermedades transmisibles, no transmisibles y los eventos adversos inusitados imprevistos de enfermedades emergentes y reemergentes en las redes de servicios de salud.<\/span><\/p>\t\t\t\t\t\t\t\t<\/div>\n\t\t\t\t<\/div>\n\t\t\t\t\t<\/div>\n\t\t\t\t<\/div>\n\t\t<div class=\"elementor-element elementor-element-15b9b48 e-flex e-con-boxed e-con e-parent\" data-id=\"15b9b48\" data-element_type=\"container\">\n\t\t\t\t\t<div class=\"e-con-inner\">\n\t\t\t\t<div class=\"elementor-element elementor-element-dc86b2b elementor-widget-divider--view-line_icon elementor-view-default elementor-widget-divider--element-align-center elementor-invisible elementor-widget elementor-widget-divider\" data-id=\"dc86b2b\" data-element_type=\"widget\" data-settings=\"{&quot;_animation&quot;:&quot;fadeInLeft&quot;}\" data-widget_type=\"divider.default\">\n\t\t\t\t<div class=\"elementor-widget-container\">\n\t\t\t\t\t\t\t<div class=\"elementor-divider\">\n\t\t\t<span class=\"elementor-divider-separator\">\n\t\t\t\t\t\t\t<div class=\"elementor-icon elementor-divider__element\">\n\t\t\t\t\t<svg aria-hidden=\"true\" class=\"e-font-icon-svg e-fas-ellipsis-h\" viewBox=\"0 0 512 512\" xmlns=\"http:\/\/www.w3.org\/2000\/svg\"><path d=\"M328 256c0 39.8-32.2 72-72 72s-72-32.2-72-72 32.2-72 72-72 72 32.2 72 72zm104-72c-39.8 0-72 32.2-72 72s32.2 72 72 72 72-32.2 72-72-32.2-72-72-72zm-352 0c-39.8 0-72 32.2-72 72s32.2 72 72 72 72-32.2 72-72-32.2-72-72-72z\"><\/path><\/svg><\/div>\n\t\t\t\t\t\t<\/span>\n\t\t<\/div>\n\t\t\t\t\t\t<\/div>\n\t\t\t\t<\/div>\n\t\t\t\t\t<\/div>\n\t\t\t\t<\/div>\n\t\t<div class=\"elementor-element elementor-element-3420443 e-flex e-con-boxed e-con e-parent\" data-id=\"3420443\" data-element_type=\"container\">\n\t\t\t\t\t<div class=\"e-con-inner\">\n\t\t\t\t<div class=\"elementor-element elementor-element-5e5b684 elementor-widget elementor-widget-heading\" data-id=\"5e5b684\" data-element_type=\"widget\" data-widget_type=\"heading.default\">\n\t\t\t\t<div class=\"elementor-widget-container\">\n\t\t\t\t\t<h4 class=\"elementor-heading-title elementor-size-default\">Estructura Interna<\/h4>\t\t\t\t<\/div>\n\t\t\t\t<\/div>\n\t\t\t\t\t<\/div>\n\t\t\t\t<\/div>\n\t\t<div class=\"elementor-element elementor-element-45f61f1 e-flex e-con-boxed e-con e-parent\" data-id=\"45f61f1\" data-element_type=\"container\">\n\t\t\t\t\t<div class=\"e-con-inner\">\n\t\t<div class=\"elementor-element elementor-element-386c61b e-con-full e-flex e-con e-child\" data-id=\"386c61b\" data-element_type=\"container\">\n\t\t\t\t<div class=\"elementor-element elementor-element-a548ba5 elementor-widget__width-initial elementor-widget elementor-widget-image\" data-id=\"a548ba5\" data-element_type=\"widget\" data-widget_type=\"image.default\">\n\t\t\t\t<div class=\"elementor-widget-container\">\n\t\t\t\t\t\t\t\t\t\t\t\t\t\t\t<img decoding=\"async\" width=\"307\" height=\"874\" src=\"https:\/\/www.sedesoruro.gob.bo\/wp-content\/uploads\/2024\/07\/org-epi.jpg.png\" class=\"attachment-large size-large wp-image-1448\" alt=\"\" srcset=\"https:\/\/www.sedesoruro.gob.bo\/wp-content\/uploads\/2024\/07\/org-epi.jpg.png 307w, https:\/\/www.sedesoruro.gob.bo\/wp-content\/uploads\/2024\/07\/org-epi.jpg-105x300.png 105w\" sizes=\"(max-width: 307px) 100vw, 307px\" \/>\t\t\t\t\t\t\t\t\t\t\t\t\t\t\t<\/div>\n\t\t\t\t<\/div>\n\t\t\t\t<\/div>\n\t\t<div class=\"elementor-element elementor-element-cdf4ab6 e-con-full e-flex e-con e-child\" data-id=\"cdf4ab6\" data-element_type=\"container\">\n\t\t\t\t<div class=\"elementor-element elementor-element-038b1c0 elementor-icon-list--layout-traditional elementor-list-item-link-full_width elementor-widget elementor-widget-icon-list\" data-id=\"038b1c0\" data-element_type=\"widget\" data-widget_type=\"icon-list.default\">\n\t\t\t\t<div class=\"elementor-widget-container\">\n\t\t\t\t\t\t\t<ul class=\"elementor-icon-list-items\">\n\t\t\t\t\t\t\t<li class=\"elementor-icon-list-item\">\n\t\t\t\t\t\t\t\t\t\t\t<span class=\"elementor-icon-list-icon\">\n\t\t\t\t\t\t\t<svg aria-hidden=\"true\" class=\"e-font-icon-svg e-fas-sitemap\" viewBox=\"0 0 640 512\" xmlns=\"http:\/\/www.w3.org\/2000\/svg\"><path d=\"M128 352H32c-17.67 0-32 14.33-32 32v96c0 17.67 14.33 32 32 32h96c17.67 0 32-14.33 32-32v-96c0-17.67-14.33-32-32-32zm-24-80h192v48h48v-48h192v48h48v-57.59c0-21.17-17.23-38.41-38.41-38.41H344v-64h40c17.67 0 32-14.33 32-32V32c0-17.67-14.33-32-32-32H256c-17.67 0-32 14.33-32 32v96c0 17.67 14.33 32 32 32h40v64H94.41C73.23 224 56 241.23 56 262.41V320h48v-48zm264 80h-96c-17.67 0-32 14.33-32 32v96c0 17.67 14.33 32 32 32h96c17.67 0 32-14.33 32-32v-96c0-17.67-14.33-32-32-32zm240 0h-96c-17.67 0-32 14.33-32 32v96c0 17.67 14.33 32 32 32h96c17.67 0 32-14.33 32-32v-96c0-17.67-14.33-32-32-32z\"><\/path><\/svg>\t\t\t\t\t\t<\/span>\n\t\t\t\t\t\t\t\t\t\t<span class=\"elementor-icon-list-text\">\u00c1rea Vigilancia Epidemiol\u00f3gica<\/span>\n\t\t\t\t\t\t\t\t\t<\/li>\n\t\t\t\t\t\t\t\t<li class=\"elementor-icon-list-item\">\n\t\t\t\t\t\t\t\t\t\t\t<span class=\"elementor-icon-list-icon\">\n\t\t\t\t\t\t\t<svg aria-hidden=\"true\" class=\"e-font-icon-svg e-fas-sitemap\" viewBox=\"0 0 640 512\" xmlns=\"http:\/\/www.w3.org\/2000\/svg\"><path d=\"M128 352H32c-17.67 0-32 14.33-32 32v96c0 17.67 14.33 32 32 32h96c17.67 0 32-14.33 32-32v-96c0-17.67-14.33-32-32-32zm-24-80h192v48h48v-48h192v48h48v-57.59c0-21.17-17.23-38.41-38.41-38.41H344v-64h40c17.67 0 32-14.33 32-32V32c0-17.67-14.33-32-32-32H256c-17.67 0-32 14.33-32 32v96c0 17.67 14.33 32 32 32h40v64H94.41C73.23 224 56 241.23 56 262.41V320h48v-48zm264 80h-96c-17.67 0-32 14.33-32 32v96c0 17.67 14.33 32 32 32h96c17.67 0 32-14.33 32-32v-96c0-17.67-14.33-32-32-32zm240 0h-96c-17.67 0-32 14.33-32 32v96c0 17.67 14.33 32 32 32h96c17.67 0 32-14.33 32-32v-96c0-17.67-14.33-32-32-32z\"><\/path><\/svg>\t\t\t\t\t\t<\/span>\n\t\t\t\t\t\t\t\t\t\t<span class=\"elementor-icon-list-text\">\u00c1rea Centro Departamental de Enlace y Desastre<\/span>\n\t\t\t\t\t\t\t\t\t<\/li>\n\t\t\t\t\t\t\t\t<li class=\"elementor-icon-list-item\">\n\t\t\t\t\t\t\t\t\t\t\t<span class=\"elementor-icon-list-icon\">\n\t\t\t\t\t\t\t<svg aria-hidden=\"true\" class=\"e-font-icon-svg e-fas-sitemap\" viewBox=\"0 0 640 512\" xmlns=\"http:\/\/www.w3.org\/2000\/svg\"><path d=\"M128 352H32c-17.67 0-32 14.33-32 32v96c0 17.67 14.33 32 32 32h96c17.67 0 32-14.33 32-32v-96c0-17.67-14.33-32-32-32zm-24-80h192v48h48v-48h192v48h48v-57.59c0-21.17-17.23-38.41-38.41-38.41H344v-64h40c17.67 0 32-14.33 32-32V32c0-17.67-14.33-32-32-32H256c-17.67 0-32 14.33-32 32v96c0 17.67 14.33 32 32 32h40v64H94.41C73.23 224 56 241.23 56 262.41V320h48v-48zm264 80h-96c-17.67 0-32 14.33-32 32v96c0 17.67 14.33 32 32 32h96c17.67 0 32-14.33 32-32v-96c0-17.67-14.33-32-32-32zm240 0h-96c-17.67 0-32 14.33-32 32v96c0 17.67 14.33 32 32 32h96c17.67 0 32-14.33 32-32v-96c0-17.67-14.33-32-32-32z\"><\/path><\/svg>\t\t\t\t\t\t<\/span>\n\t\t\t\t\t\t\t\t\t\t<span class=\"elementor-icon-list-text\">\u00c1rea Enfermedades no Transmisibles<\/span>\n\t\t\t\t\t\t\t\t\t<\/li>\n\t\t\t\t\t\t\t\t<li class=\"elementor-icon-list-item\">\n\t\t\t\t\t\t\t\t\t\t\t<span class=\"elementor-icon-list-icon\">\n\t\t\t\t\t\t\t<svg aria-hidden=\"true\" class=\"e-font-icon-svg e-fas-sitemap\" viewBox=\"0 0 640 512\" xmlns=\"http:\/\/www.w3.org\/2000\/svg\"><path d=\"M128 352H32c-17.67 0-32 14.33-32 32v96c0 17.67 14.33 32 32 32h96c17.67 0 32-14.33 32-32v-96c0-17.67-14.33-32-32-32zm-24-80h192v48h48v-48h192v48h48v-57.59c0-21.17-17.23-38.41-38.41-38.41H344v-64h40c17.67 0 32-14.33 32-32V32c0-17.67-14.33-32-32-32H256c-17.67 0-32 14.33-32 32v96c0 17.67 14.33 32 32 32h40v64H94.41C73.23 224 56 241.23 56 262.41V320h48v-48zm264 80h-96c-17.67 0-32 14.33-32 32v96c0 17.67 14.33 32 32 32h96c17.67 0 32-14.33 32-32v-96c0-17.67-14.33-32-32-32zm240 0h-96c-17.67 0-32 14.33-32 32v96c0 17.67 14.33 32 32 32h96c17.67 0 32-14.33 32-32v-96c0-17.67-14.33-32-32-32z\"><\/path><\/svg>\t\t\t\t\t\t<\/span>\n\t\t\t\t\t\t\t\t\t\t<span class=\"elementor-icon-list-text\">\u00c1rea Tuberculosis<\/span>\n\t\t\t\t\t\t\t\t\t<\/li>\n\t\t\t\t\t\t\t\t<li class=\"elementor-icon-list-item\">\n\t\t\t\t\t\t\t\t\t\t\t<span class=\"elementor-icon-list-icon\">\n\t\t\t\t\t\t\t<svg aria-hidden=\"true\" class=\"e-font-icon-svg e-fas-sitemap\" viewBox=\"0 0 640 512\" xmlns=\"http:\/\/www.w3.org\/2000\/svg\"><path d=\"M128 352H32c-17.67 0-32 14.33-32 32v96c0 17.67 14.33 32 32 32h96c17.67 0 32-14.33 32-32v-96c0-17.67-14.33-32-32-32zm-24-80h192v48h48v-48h192v48h48v-57.59c0-21.17-17.23-38.41-38.41-38.41H344v-64h40c17.67 0 32-14.33 32-32V32c0-17.67-14.33-32-32-32H256c-17.67 0-32 14.33-32 32v96c0 17.67 14.33 32 32 32h40v64H94.41C73.23 224 56 241.23 56 262.41V320h48v-48zm264 80h-96c-17.67 0-32 14.33-32 32v96c0 17.67 14.33 32 32 32h96c17.67 0 32-14.33 32-32v-96c0-17.67-14.33-32-32-32zm240 0h-96c-17.67 0-32 14.33-32 32v96c0 17.67 14.33 32 32 32h96c17.67 0 32-14.33 32-32v-96c0-17.67-14.33-32-32-32z\"><\/path><\/svg>\t\t\t\t\t\t<\/span>\n\t\t\t\t\t\t\t\t\t\t<span class=\"elementor-icon-list-text\">\u00c1rea Enfermedades Zoon\u00f3ticas<\/span>\n\t\t\t\t\t\t\t\t\t<\/li>\n\t\t\t\t\t\t\t\t<li class=\"elementor-icon-list-item\">\n\t\t\t\t\t\t\t\t\t\t\t<span class=\"elementor-icon-list-icon\">\n\t\t\t\t\t\t\t<svg aria-hidden=\"true\" class=\"e-font-icon-svg e-fas-sitemap\" viewBox=\"0 0 640 512\" xmlns=\"http:\/\/www.w3.org\/2000\/svg\"><path d=\"M128 352H32c-17.67 0-32 14.33-32 32v96c0 17.67 14.33 32 32 32h96c17.67 0 32-14.33 32-32v-96c0-17.67-14.33-32-32-32zm-24-80h192v48h48v-48h192v48h48v-57.59c0-21.17-17.23-38.41-38.41-38.41H344v-64h40c17.67 0 32-14.33 32-32V32c0-17.67-14.33-32-32-32H256c-17.67 0-32 14.33-32 32v96c0 17.67 14.33 32 32 32h40v64H94.41C73.23 224 56 241.23 56 262.41V320h48v-48zm264 80h-96c-17.67 0-32 14.33-32 32v96c0 17.67 14.33 32 32 32h96c17.67 0 32-14.33 32-32v-96c0-17.67-14.33-32-32-32zm240 0h-96c-17.67 0-32 14.33-32 32v96c0 17.67 14.33 32 32 32h96c17.67 0 32-14.33 32-32v-96c0-17.67-14.33-32-32-32z\"><\/path><\/svg>\t\t\t\t\t\t<\/span>\n\t\t\t\t\t\t\t\t\t\t<span class=\"elementor-icon-list-text\">\u00c1rea ITS-VIH\/SIDA<\/span>\n\t\t\t\t\t\t\t\t\t<\/li>\n\t\t\t\t\t\t\t\t<li class=\"elementor-icon-list-item\">\n\t\t\t\t\t\t\t\t\t\t\t<span class=\"elementor-icon-list-icon\">\n\t\t\t\t\t\t\t<svg aria-hidden=\"true\" class=\"e-font-icon-svg e-fas-sitemap\" viewBox=\"0 0 640 512\" xmlns=\"http:\/\/www.w3.org\/2000\/svg\"><path d=\"M128 352H32c-17.67 0-32 14.33-32 32v96c0 17.67 14.33 32 32 32h96c17.67 0 32-14.33 32-32v-96c0-17.67-14.33-32-32-32zm-24-80h192v48h48v-48h192v48h48v-57.59c0-21.17-17.23-38.41-38.41-38.41H344v-64h40c17.67 0 32-14.33 32-32V32c0-17.67-14.33-32-32-32H256c-17.67 0-32 14.33-32 32v96c0 17.67 14.33 32 32 32h40v64H94.41C73.23 224 56 241.23 56 262.41V320h48v-48zm264 80h-96c-17.67 0-32 14.33-32 32v96c0 17.67 14.33 32 32 32h96c17.67 0 32-14.33 32-32v-96c0-17.67-14.33-32-32-32zm240 0h-96c-17.67 0-32 14.33-32 32v96c0 17.67 14.33 32 32 32h96c17.67 0 32-14.33 32-32v-96c0-17.67-14.33-32-32-32z\"><\/path><\/svg>\t\t\t\t\t\t<\/span>\n\t\t\t\t\t\t\t\t\t\t<span class=\"elementor-icon-list-text\">\u00c1rea: Programa Ampliado de Inmunizaciones (PAI)<\/span>\n\t\t\t\t\t\t\t\t\t<\/li>\n\t\t\t\t\t\t<\/ul>\n\t\t\t\t\t\t<\/div>\n\t\t\t\t<\/div>\n\t\t\t\t<\/div>\n\t\t\t\t\t<\/div>\n\t\t\t\t<\/div>\n\t\t<div class=\"elementor-element elementor-element-9972098 e-flex e-con-boxed e-con e-parent\" data-id=\"9972098\" data-element_type=\"container\">\n\t\t\t\t\t<div class=\"e-con-inner\">\n\t\t\t\t<div class=\"elementor-element elementor-element-60def85 elementor-widget-divider--view-line_icon elementor-view-default elementor-widget-divider--element-align-center elementor-invisible elementor-widget elementor-widget-divider\" data-id=\"60def85\" data-element_type=\"widget\" data-settings=\"{&quot;_animation&quot;:&quot;fadeInLeft&quot;}\" data-widget_type=\"divider.default\">\n\t\t\t\t<div class=\"elementor-widget-container\">\n\t\t\t\t\t\t\t<div class=\"elementor-divider\">\n\t\t\t<span class=\"elementor-divider-separator\">\n\t\t\t\t\t\t\t<div class=\"elementor-icon elementor-divider__element\">\n\t\t\t\t\t<svg aria-hidden=\"true\" class=\"e-font-icon-svg e-fas-ellipsis-h\" viewBox=\"0 0 512 512\" xmlns=\"http:\/\/www.w3.org\/2000\/svg\"><path d=\"M328 256c0 39.8-32.2 72-72 72s-72-32.2-72-72 32.2-72 72-72 72 32.2 72 72zm104-72c-39.8 0-72 32.2-72 72s32.2 72 72 72 72-32.2 72-72-32.2-72-72-72zm-352 0c-39.8 0-72 32.2-72 72s32.2 72 72 72 72-32.2 72-72-32.2-72-72-72z\"><\/path><\/svg><\/div>\n\t\t\t\t\t\t<\/span>\n\t\t<\/div>\n\t\t\t\t\t\t<\/div>\n\t\t\t\t<\/div>\n\t\t\t\t\t<\/div>\n\t\t\t\t<\/div>\n\t\t<div class=\"elementor-element elementor-element-d6a3ee4 e-flex e-con-boxed e-con e-parent\" data-id=\"d6a3ee4\" data-element_type=\"container\">\n\t\t\t\t\t<div class=\"e-con-inner\">\n\t\t<div class=\"elementor-element elementor-element-7d5c2a0 e-con-full e-flex e-con e-child\" data-id=\"7d5c2a0\" data-element_type=\"container\">\n\t\t\t\t<div class=\"elementor-element elementor-element-040183a elementor-widget elementor-widget-heading\" data-id=\"040183a\" data-element_type=\"widget\" data-widget_type=\"heading.default\">\n\t\t\t\t<div class=\"elementor-widget-container\">\n\t\t\t\t\t<h4 class=\"elementor-heading-title elementor-size-default\">Nuestras Actividades<\/h4>\t\t\t\t<\/div>\n\t\t\t\t<\/div>\n\t\t\t\t<\/div>\n\t\t\t\t\t<\/div>\n\t\t\t\t<\/div>\n\t\t<div class=\"elementor-element elementor-element-4db9701 e-flex e-con-boxed e-con e-parent\" data-id=\"4db9701\" data-element_type=\"container\">\n\t\t\t\t\t<div class=\"e-con-inner\">\n\t\t\t\t<div class=\"elementor-element elementor-element-cab17b1 elementor-grid-eael-col-3 elementor-grid-tablet-eael-col-2 elementor-grid-mobile-eael-col-1 elementor-widget elementor-widget-eael-post-grid\" data-id=\"cab17b1\" data-element_type=\"widget\" data-settings=\"{&quot;eael_post_grid_columns&quot;:&quot;eael-col-3&quot;,&quot;eael_post_grid_columns_tablet&quot;:&quot;eael-col-2&quot;,&quot;eael_post_grid_columns_mobile&quot;:&quot;eael-col-1&quot;}\" data-widget_type=\"eael-post-grid.default\">\n\t\t\t\t<div class=\"elementor-widget-container\">\n\t\t\t\t\t<div id=\"eael-post-grid-cab17b1\" class=\"eael-post-grid-container\">\n            <div class=\"eael-post-grid eael-post-appender eael-post-appender-cab17b1 eael-post-grid-style-one\" data-layout-mode=\"grid\"><article class=\"eael-grid-post eael-post-grid-column\" data-id=\"3206\">\n        <div class=\"eael-grid-post-holder\">\n            <div class=\"eael-grid-post-holder-inner\"><div class=\"eael-entry-media\"><div class=\"eael-entry-overlay fade-in\"><i class=\"fas fa-long-arrow-alt-right\" aria-hidden=\"true\"><\/i><a href=\"https:\/\/www.sedesoruro.gob.bo\/index.php\/2024\/10\/04\/en-conmemoracion-a-san-roque\/\"><\/a><\/div><div class=\"eael-entry-thumbnail \">\n                <img decoding=\"async\" width=\"768\" height=\"615\" src=\"https:\/\/www.sedesoruro.gob.bo\/wp-content\/uploads\/2024\/10\/WhatsApp-Image-2024-09-29-at-9.36.39-PM-768x615.jpeg\" class=\"attachment-medium_large size-medium_large wp-image-3209\" alt=\"\" srcset=\"https:\/\/www.sedesoruro.gob.bo\/wp-content\/uploads\/2024\/10\/WhatsApp-Image-2024-09-29-at-9.36.39-PM-768x615.jpeg 768w, https:\/\/www.sedesoruro.gob.bo\/wp-content\/uploads\/2024\/10\/WhatsApp-Image-2024-09-29-at-9.36.39-PM-300x240.jpeg 300w, https:\/\/www.sedesoruro.gob.bo\/wp-content\/uploads\/2024\/10\/WhatsApp-Image-2024-09-29-at-9.36.39-PM-1024x820.jpeg 1024w, https:\/\/www.sedesoruro.gob.bo\/wp-content\/uploads\/2024\/10\/WhatsApp-Image-2024-09-29-at-9.36.39-PM.jpeg 1080w\" sizes=\"(max-width: 768px) 100vw, 768px\" \/>\n            <\/div>\n        <\/div><div class=\"eael-entry-wrapper\"><header class=\"eael-entry-header\"><h2 class=\"eael-entry-title\"><a\n                        class=\"eael-grid-post-link\"\n                        href=\"https:\/\/www.sedesoruro.gob.bo\/index.php\/2024\/10\/04\/en-conmemoracion-a-san-roque\/\"\n                        title=\"EN CONMEMORACI\u00d3N A SAN ROQUE\">EN CONMEMORACI\u00d3N A SAN ROQUE<\/a><\/h2><\/header><div class=\"eael-entry-content\">\n                        <div class=\"eael-grid-post-excerpt\"><p>SEDES ORURO ORGANIZ\u00d3 DIFERENTES ACTIVIDADES SOBRE TENENCIA RESPONSABLE DE MASCOTAS...<\/p><a\n                            href=\"https:\/\/www.sedesoruro.gob.bo\/index.php\/2024\/10\/04\/en-conmemoracion-a-san-roque\/\"\n                            class=\"eael-post-elements-readmore-btn\">Leer m\u00e1s<\/a><\/div>\n                    <\/div><div class=\"eael-entry-footer\"><div class=\"eael-author-avatar\"><a href=\"https:\/\/www.sedesoruro.gob.bo\/index.php\/author\/userdesse\/\"><img alt='userdesse' src='https:\/\/secure.gravatar.com\/avatar\/d620fe5460db87edd265e5743d4b6428870636320ba06173d03a4368a03d84aa?s=96&#038;d=mm&#038;r=g' srcset='https:\/\/secure.gravatar.com\/avatar\/d620fe5460db87edd265e5743d4b6428870636320ba06173d03a4368a03d84aa?s=192&#038;d=mm&#038;r=g 2x' class='avatar avatar-96 photo' height='96' width='96' \/><\/a><\/div><div class=\"eael-entry-meta\"><span class=\"eael-posted-by\"><a href=\"https:\/\/www.sedesoruro.gob.bo\/index.php\/author\/userdesse\/\" title=\"Entradas de  \" rel=\"author\"> <\/a><\/span><span class=\"eael-posted-on\"><time datetime=\"4 de octubre de 2024\">4 de octubre de 2024<\/time><\/span><\/div><\/div><\/div><\/div>\n        <\/div>\n    <\/article><article class=\"eael-grid-post eael-post-grid-column\" data-id=\"1836\">\n        <div class=\"eael-grid-post-holder\">\n            <div class=\"eael-grid-post-holder-inner\"><div class=\"eael-entry-media\"><div class=\"eael-entry-overlay fade-in\"><i class=\"fas fa-long-arrow-alt-right\" aria-hidden=\"true\"><\/i><a href=\"https:\/\/www.sedesoruro.gob.bo\/index.php\/2024\/08\/14\/personal-de-salud-capacitado-en-cuidados-paliativos-medicina-del-dolor-y-fisioterapia-oncologica\/\"><\/a><\/div><div class=\"eael-entry-thumbnail \">\n                <img loading=\"lazy\" decoding=\"async\" width=\"768\" height=\"552\" src=\"https:\/\/www.sedesoruro.gob.bo\/wp-content\/uploads\/2024\/08\/med1-768x552.jpeg\" class=\"attachment-medium_large size-medium_large wp-image-1845\" alt=\"\" srcset=\"https:\/\/www.sedesoruro.gob.bo\/wp-content\/uploads\/2024\/08\/med1-768x552.jpeg 768w, https:\/\/www.sedesoruro.gob.bo\/wp-content\/uploads\/2024\/08\/med1-300x216.jpeg 300w, https:\/\/www.sedesoruro.gob.bo\/wp-content\/uploads\/2024\/08\/med1-1024x736.jpeg 1024w, https:\/\/www.sedesoruro.gob.bo\/wp-content\/uploads\/2024\/08\/med1.jpeg 1080w\" sizes=\"(max-width: 768px) 100vw, 768px\" \/>\n            <\/div>\n        <\/div><div class=\"eael-entry-wrapper\"><header class=\"eael-entry-header\"><h2 class=\"eael-entry-title\"><a\n                        class=\"eael-grid-post-link\"\n                        href=\"https:\/\/www.sedesoruro.gob.bo\/index.php\/2024\/08\/14\/personal-de-salud-capacitado-en-cuidados-paliativos-medicina-del-dolor-y-fisioterapia-oncologica\/\"\n                        title=\"PERSONAL DE SALUD ES CAPACITADO EN CUIDADOS PALIATIVOS, MEDICINA DEL DOLOR Y FISIOTERAPIA ONCOL\u00d3GICA\">PERSONAL DE SALUD ES CAPACITADO EN CUIDADOS PALIATIVOS, MEDICINA DEL DOLOR Y FISIOTERAPIA ONCOL\u00d3GICA<\/a><\/h2><\/header><div class=\"eael-entry-content\">\n                        <div class=\"eael-grid-post-excerpt\"><p>El Programa Departamental de Lucha Contra el C\u00e1ncer del Servicio...<\/p><a\n                            href=\"https:\/\/www.sedesoruro.gob.bo\/index.php\/2024\/08\/14\/personal-de-salud-capacitado-en-cuidados-paliativos-medicina-del-dolor-y-fisioterapia-oncologica\/\"\n                            class=\"eael-post-elements-readmore-btn\">Leer m\u00e1s<\/a><\/div>\n                    <\/div><div class=\"eael-entry-footer\"><div class=\"eael-author-avatar\"><a href=\"https:\/\/www.sedesoruro.gob.bo\/index.php\/author\/userdesse\/\"><img alt='userdesse' src='https:\/\/secure.gravatar.com\/avatar\/d620fe5460db87edd265e5743d4b6428870636320ba06173d03a4368a03d84aa?s=96&#038;d=mm&#038;r=g' srcset='https:\/\/secure.gravatar.com\/avatar\/d620fe5460db87edd265e5743d4b6428870636320ba06173d03a4368a03d84aa?s=192&#038;d=mm&#038;r=g 2x' class='avatar avatar-96 photo' height='96' width='96' \/><\/a><\/div><div class=\"eael-entry-meta\"><span class=\"eael-posted-by\"><a href=\"https:\/\/www.sedesoruro.gob.bo\/index.php\/author\/userdesse\/\" title=\"Entradas de  \" rel=\"author\"> <\/a><\/span><span class=\"eael-posted-on\"><time datetime=\"14 de agosto de 2024\">14 de agosto de 2024<\/time><\/span><\/div><\/div><\/div><\/div>\n        <\/div>\n    <\/article><article class=\"eael-grid-post eael-post-grid-column\" data-id=\"1792\">\n        <div class=\"eael-grid-post-holder\">\n            <div class=\"eael-grid-post-holder-inner\"><div class=\"eael-entry-media\"><div class=\"eael-entry-overlay fade-in\"><i class=\"fas fa-long-arrow-alt-right\" aria-hidden=\"true\"><\/i><a href=\"https:\/\/www.sedesoruro.gob.bo\/index.php\/2024\/08\/14\/sedes-intensifica-acciones-ante-alerta-sarampion\/\"><\/a><\/div><div class=\"eael-entry-thumbnail \">\n                <img loading=\"lazy\" decoding=\"async\" width=\"768\" height=\"432\" src=\"https:\/\/www.sedesoruro.gob.bo\/wp-content\/uploads\/2024\/08\/WhatsApp-Image-2024-08-14-at-9.21.13-AM-1-768x432.jpeg\" class=\"attachment-medium_large size-medium_large wp-image-1795\" alt=\"\" srcset=\"https:\/\/www.sedesoruro.gob.bo\/wp-content\/uploads\/2024\/08\/WhatsApp-Image-2024-08-14-at-9.21.13-AM-1-768x432.jpeg 768w, https:\/\/www.sedesoruro.gob.bo\/wp-content\/uploads\/2024\/08\/WhatsApp-Image-2024-08-14-at-9.21.13-AM-1-300x169.jpeg 300w, https:\/\/www.sedesoruro.gob.bo\/wp-content\/uploads\/2024\/08\/WhatsApp-Image-2024-08-14-at-9.21.13-AM-1-1024x576.jpeg 1024w, https:\/\/www.sedesoruro.gob.bo\/wp-content\/uploads\/2024\/08\/WhatsApp-Image-2024-08-14-at-9.21.13-AM-1.jpeg 1080w\" sizes=\"(max-width: 768px) 100vw, 768px\" \/>\n            <\/div>\n        <\/div><div class=\"eael-entry-wrapper\"><header class=\"eael-entry-header\"><h2 class=\"eael-entry-title\"><a\n                        class=\"eael-grid-post-link\"\n                        href=\"https:\/\/www.sedesoruro.gob.bo\/index.php\/2024\/08\/14\/sedes-intensifica-acciones-ante-alerta-sarampion\/\"\n                        title=\"SEDES INTENSIFICA ACCIONES DE PREVENCI\u00d3N ANTE ALERTA EPIDEMIOL\u00d3GICA POR SARAMPI\u00d3N\">SEDES INTENSIFICA ACCIONES DE PREVENCI\u00d3N ANTE ALERTA EPIDEMIOL\u00d3GICA POR SARAMPI\u00d3N<\/a><\/h2><\/header><div class=\"eael-entry-content\">\n                        <div class=\"eael-grid-post-excerpt\"><p>El Servicio Departamental de Salud (SEDES) Oruro, mediante el Programa...<\/p><a\n                            href=\"https:\/\/www.sedesoruro.gob.bo\/index.php\/2024\/08\/14\/sedes-intensifica-acciones-ante-alerta-sarampion\/\"\n                            class=\"eael-post-elements-readmore-btn\">Leer m\u00e1s<\/a><\/div>\n                    <\/div><div class=\"eael-entry-footer\"><div class=\"eael-author-avatar\"><a href=\"https:\/\/www.sedesoruro.gob.bo\/index.php\/author\/userdesse\/\"><img alt='userdesse' src='https:\/\/secure.gravatar.com\/avatar\/d620fe5460db87edd265e5743d4b6428870636320ba06173d03a4368a03d84aa?s=96&#038;d=mm&#038;r=g' srcset='https:\/\/secure.gravatar.com\/avatar\/d620fe5460db87edd265e5743d4b6428870636320ba06173d03a4368a03d84aa?s=192&#038;d=mm&#038;r=g 2x' class='avatar avatar-96 photo' height='96' width='96' \/><\/a><\/div><div class=\"eael-entry-meta\"><span class=\"eael-posted-by\"><a href=\"https:\/\/www.sedesoruro.gob.bo\/index.php\/author\/userdesse\/\" title=\"Entradas de  \" rel=\"author\"> <\/a><\/span><span class=\"eael-posted-on\"><time datetime=\"14 de agosto de 2024\">14 de agosto de 2024<\/time><\/span><\/div><\/div><\/div><\/div>\n        <\/div>\n    <\/article><article class=\"eael-grid-post eael-post-grid-column\" data-id=\"1772\">\n        <div class=\"eael-grid-post-holder\">\n            <div class=\"eael-grid-post-holder-inner\"><div class=\"eael-entry-media\"><div class=\"eael-entry-overlay fade-in\"><i class=\"fas fa-long-arrow-alt-right\" aria-hidden=\"true\"><\/i><a href=\"https:\/\/www.sedesoruro.gob.bo\/index.php\/2024\/08\/14\/pacientes-visita-cosmonautas\/\"><\/a><\/div><div class=\"eael-entry-thumbnail \">\n                <img loading=\"lazy\" decoding=\"async\" width=\"768\" height=\"512\" src=\"https:\/\/www.sedesoruro.gob.bo\/wp-content\/uploads\/2024\/08\/cos1-768x512.jpeg\" class=\"attachment-medium_large size-medium_large wp-image-1774\" alt=\"\" srcset=\"https:\/\/www.sedesoruro.gob.bo\/wp-content\/uploads\/2024\/08\/cos1-768x512.jpeg 768w, https:\/\/www.sedesoruro.gob.bo\/wp-content\/uploads\/2024\/08\/cos1-300x200.jpeg 300w, https:\/\/www.sedesoruro.gob.bo\/wp-content\/uploads\/2024\/08\/cos1-1024x683.jpeg 1024w, https:\/\/www.sedesoruro.gob.bo\/wp-content\/uploads\/2024\/08\/cos1.jpeg 1080w\" sizes=\"(max-width: 768px) 100vw, 768px\" \/>\n            <\/div>\n        <\/div><div class=\"eael-entry-wrapper\"><header class=\"eael-entry-header\"><h2 class=\"eael-entry-title\"><a\n                        class=\"eael-grid-post-link\"\n                        href=\"https:\/\/www.sedesoruro.gob.bo\/index.php\/2024\/08\/14\/pacientes-visita-cosmonautas\/\"\n                        title=\"PACIENTES ONCOL\u00d3GICOS DE ORURO RECIBIERON LA VISITA DE COSMONAUTAS ESPACIALES RUSOS Y LA FUNDACI\u00d3N UNITY\">PACIENTES ONCOL\u00d3GICOS DE ORURO RECIBIERON LA VISITA DE COSMONAUTAS ESPACIALES RUSOS Y LA FUNDACI\u00d3N UNITY<\/a><\/h2><\/header><div class=\"eael-entry-content\">\n                        <div class=\"eael-grid-post-excerpt\"><p>En fecha 18 de julio, el Servicio Departamental de Salud...<\/p><a\n                            href=\"https:\/\/www.sedesoruro.gob.bo\/index.php\/2024\/08\/14\/pacientes-visita-cosmonautas\/\"\n                            class=\"eael-post-elements-readmore-btn\">Leer m\u00e1s<\/a><\/div>\n                    <\/div><div class=\"eael-entry-footer\"><div class=\"eael-author-avatar\"><a href=\"https:\/\/www.sedesoruro.gob.bo\/index.php\/author\/userdesse\/\"><img alt='userdesse' src='https:\/\/secure.gravatar.com\/avatar\/d620fe5460db87edd265e5743d4b6428870636320ba06173d03a4368a03d84aa?s=96&#038;d=mm&#038;r=g' srcset='https:\/\/secure.gravatar.com\/avatar\/d620fe5460db87edd265e5743d4b6428870636320ba06173d03a4368a03d84aa?s=192&#038;d=mm&#038;r=g 2x' class='avatar avatar-96 photo' height='96' width='96' \/><\/a><\/div><div class=\"eael-entry-meta\"><span class=\"eael-posted-by\"><a href=\"https:\/\/www.sedesoruro.gob.bo\/index.php\/author\/userdesse\/\" title=\"Entradas de  \" rel=\"author\"> <\/a><\/span><span class=\"eael-posted-on\"><time datetime=\"14 de agosto de 2024\">14 de agosto de 2024<\/time><\/span><\/div><\/div><\/div><\/div>\n        <\/div>\n    <\/article><article class=\"eael-grid-post eael-post-grid-column\" data-id=\"1723\">\n        <div class=\"eael-grid-post-holder\">\n            <div class=\"eael-grid-post-holder-inner\"><div class=\"eael-entry-media\"><div class=\"eael-entry-overlay fade-in\"><i class=\"fas fa-long-arrow-alt-right\" aria-hidden=\"true\"><\/i><a href=\"https:\/\/www.sedesoruro.gob.bo\/index.php\/2024\/08\/08\/caso-de-sarampion-servicio-departamental-de-salud-oruro\/\"><\/a><\/div><div class=\"eael-entry-thumbnail \">\n                <img loading=\"lazy\" decoding=\"async\" width=\"768\" height=\"784\" src=\"https:\/\/www.sedesoruro.gob.bo\/wp-content\/uploads\/2024\/08\/sar-768x784.jpeg\" class=\"attachment-medium_large size-medium_large wp-image-1757\" alt=\"\" srcset=\"https:\/\/www.sedesoruro.gob.bo\/wp-content\/uploads\/2024\/08\/sar-768x784.jpeg 768w, https:\/\/www.sedesoruro.gob.bo\/wp-content\/uploads\/2024\/08\/sar-294x300.jpeg 294w, https:\/\/www.sedesoruro.gob.bo\/wp-content\/uploads\/2024\/08\/sar.jpeg 941w\" sizes=\"(max-width: 768px) 100vw, 768px\" \/>\n            <\/div>\n        <\/div><div class=\"eael-entry-wrapper\"><header class=\"eael-entry-header\"><h2 class=\"eael-entry-title\"><a\n                        class=\"eael-grid-post-link\"\n                        href=\"https:\/\/www.sedesoruro.gob.bo\/index.php\/2024\/08\/08\/caso-de-sarampion-servicio-departamental-de-salud-oruro\/\"\n                        title=\"ANTE EL CASO POSITIVO DE SARAMPI\u00d3N, SEDES ORURO ACTIVA ALERTA EPIDEMIOLOGICA\">ANTE EL CASO POSITIVO DE SARAMPI\u00d3N, SEDES ORURO ACTIVA ALERTA EPIDEMIOLOGICA<\/a><\/h2><\/header><div class=\"eael-entry-content\">\n                        <div class=\"eael-grid-post-excerpt\"><p>Despu\u00e9s de 20 a\u00f1os ANTE EL CASO POSITIVO DE SARAMPI\u00d3N,...<\/p><a\n                            href=\"https:\/\/www.sedesoruro.gob.bo\/index.php\/2024\/08\/08\/caso-de-sarampion-servicio-departamental-de-salud-oruro\/\"\n                            class=\"eael-post-elements-readmore-btn\">Leer m\u00e1s<\/a><\/div>\n                    <\/div><div class=\"eael-entry-footer\"><div class=\"eael-author-avatar\"><a href=\"https:\/\/www.sedesoruro.gob.bo\/index.php\/author\/userdesse\/\"><img alt='userdesse' src='https:\/\/secure.gravatar.com\/avatar\/d620fe5460db87edd265e5743d4b6428870636320ba06173d03a4368a03d84aa?s=96&#038;d=mm&#038;r=g' srcset='https:\/\/secure.gravatar.com\/avatar\/d620fe5460db87edd265e5743d4b6428870636320ba06173d03a4368a03d84aa?s=192&#038;d=mm&#038;r=g 2x' class='avatar avatar-96 photo' height='96' width='96' \/><\/a><\/div><div class=\"eael-entry-meta\"><span class=\"eael-posted-by\"><a href=\"https:\/\/www.sedesoruro.gob.bo\/index.php\/author\/userdesse\/\" title=\"Entradas de  \" rel=\"author\"> <\/a><\/span><span class=\"eael-posted-on\"><time datetime=\"8 de agosto de 2024\">8 de agosto de 2024<\/time><\/span><\/div><\/div><\/div><\/div>\n        <\/div>\n    <\/article><article class=\"eael-grid-post eael-post-grid-column\" data-id=\"824\">\n        <div class=\"eael-grid-post-holder\">\n            <div class=\"eael-grid-post-holder-inner\"><div class=\"eael-entry-media\"><div class=\"eael-entry-overlay fade-in\"><i class=\"fas fa-long-arrow-alt-right\" aria-hidden=\"true\"><\/i><a href=\"https:\/\/www.sedesoruro.gob.bo\/index.php\/2024\/07\/12\/campanavacunacion\/\"><\/a><\/div><div class=\"eael-entry-thumbnail \">\n                <img loading=\"lazy\" decoding=\"async\" width=\"768\" height=\"637\" src=\"https:\/\/www.sedesoruro.gob.bo\/wp-content\/uploads\/2024\/07\/DSC2887-768x637.jpg\" class=\"attachment-medium_large size-medium_large wp-image-874\" alt=\"\" srcset=\"https:\/\/www.sedesoruro.gob.bo\/wp-content\/uploads\/2024\/07\/DSC2887-768x637.jpg 768w, https:\/\/www.sedesoruro.gob.bo\/wp-content\/uploads\/2024\/07\/DSC2887-300x249.jpg 300w, https:\/\/www.sedesoruro.gob.bo\/wp-content\/uploads\/2024\/07\/DSC2887.jpg 850w\" sizes=\"(max-width: 768px) 100vw, 768px\" \/>\n            <\/div>\n        <\/div><div class=\"eael-entry-wrapper\"><header class=\"eael-entry-header\"><h2 class=\"eael-entry-title\"><a\n                        class=\"eael-grid-post-link\"\n                        href=\"https:\/\/www.sedesoruro.gob.bo\/index.php\/2024\/07\/12\/campanavacunacion\/\"\n                        title=\"SEDES &#8211; ORURO DESARROLL\u00d3 LA CAMPA\u00d1A DE VACUNACION ANTIRR\u00c1BICA\">SEDES &#8211; ORURO DESARROLL\u00d3 LA CAMPA\u00d1A DE VACUNACION ANTIRR\u00c1BICA<\/a><\/h2><\/header><div class=\"eael-entry-content\">\n                        <div class=\"eael-grid-post-excerpt\"><p>Este pasado domingo 30 de junio, el Servicio Departamental de...<\/p><a\n                            href=\"https:\/\/www.sedesoruro.gob.bo\/index.php\/2024\/07\/12\/campanavacunacion\/\"\n                            class=\"eael-post-elements-readmore-btn\">Leer m\u00e1s<\/a><\/div>\n                    <\/div><div class=\"eael-entry-footer\"><div class=\"eael-author-avatar\"><a href=\"https:\/\/www.sedesoruro.gob.bo\/index.php\/author\/userdesse\/\"><img alt='userdesse' src='https:\/\/secure.gravatar.com\/avatar\/d620fe5460db87edd265e5743d4b6428870636320ba06173d03a4368a03d84aa?s=96&#038;d=mm&#038;r=g' srcset='https:\/\/secure.gravatar.com\/avatar\/d620fe5460db87edd265e5743d4b6428870636320ba06173d03a4368a03d84aa?s=192&#038;d=mm&#038;r=g 2x' class='avatar avatar-96 photo' height='96' width='96' \/><\/a><\/div><div class=\"eael-entry-meta\"><span class=\"eael-posted-by\"><a href=\"https:\/\/www.sedesoruro.gob.bo\/index.php\/author\/userdesse\/\" title=\"Entradas de  \" rel=\"author\"> <\/a><\/span><span class=\"eael-posted-on\"><time datetime=\"12 de julio de 2024\">12 de julio de 2024<\/time><\/span><\/div><\/div><\/div><\/div>\n        <\/div>\n    <\/article><\/div>\n            <div class=\"clearfix\"><\/div>\n        <\/div>\t\t\t\t<\/div>\n\t\t\t\t<\/div>\n\t\t\t\t\t<\/div>\n\t\t\t\t<\/div>\n\t\t\t\t<\/div>\n\t\t","protected":false},"excerpt":{"rendered":"<p>Objetivo Promover, prevenir, controlar la ocurrencia de eventos que afecten a la salud p\u00fablica de la poblaci\u00f3n, mediante la observaci\u00f3n sistem\u00e1tica de la frecuencia, tendencia y determinantes de la salud como factores de riesgo,&#46;&#46;&#46;<\/p>\n","protected":false},"author":1,"featured_media":0,"parent":0,"menu_order":0,"comment_status":"closed","ping_status":"closed","template":"","meta":{"_cbd_carousel_blocks":"[]","footnotes":""},"class_list":["post-1410","page","type-page","status-publish","hentry"],"yoast_head":"<!-- This site is optimized with the Yoast SEO plugin v23.1 - https:\/\/yoast.com\/wordpress\/plugins\/seo\/ -->\n<title>Unidad de Epidemiologia e Investigaci\u00f3n<\/title>\n<meta name=\"robots\" content=\"index, follow, max-snippet:-1, max-image-preview:large, max-video-preview:-1\" \/>\n<link rel=\"canonical\" href=\"https:\/\/www.sedesoruro.gob.bo\/index.php\/uniepidemiologia\/\" \/>\n<meta property=\"og:locale\" content=\"es_ES\" \/>\n<meta property=\"og:type\" content=\"article\" \/>\n<meta property=\"og:title\" content=\"Unidad de Epidemiologia e Investigaci\u00f3n\" \/>\n<meta property=\"og:description\" content=\"Objetivo Promover, prevenir, controlar la ocurrencia de eventos que afecten a la salud p\u00fablica de la poblaci\u00f3n, mediante la observaci\u00f3n sistem\u00e1tica de la frecuencia, tendencia y determinantes de la salud como factores de riesgo,&#046;&#046;&#046;\" \/>\n<meta property=\"og:url\" content=\"https:\/\/www.sedesoruro.gob.bo\/index.php\/uniepidemiologia\/\" \/>\n<meta property=\"og:site_name\" content=\"SERVICIO DEPARTAMENTAL DE SALUD - ORURO\" \/>\n<meta property=\"article:publisher\" content=\"https:\/\/www.facebook.com\/SEDESOR\" \/>\n<meta property=\"article:modified_time\" content=\"2024-10-10T03:17:04+00:00\" \/>\n<meta property=\"og:image\" content=\"https:\/\/www.sedesoruro.gob.bo\/wp-content\/uploads\/2024\/08\/epidemiologia.jpeg\" \/>\n<meta name=\"twitter:card\" content=\"summary_large_image\" \/>\n<meta name=\"twitter:label1\" content=\"Tiempo de lectura\" \/>\n\t<meta name=\"twitter:data1\" content=\"1 minuto\" \/>\n<script type=\"application\/ld+json\" class=\"yoast-schema-graph\">{\"@context\":\"https:\/\/schema.org\",\"@graph\":[{\"@type\":\"WebPage\",\"@id\":\"https:\/\/www.sedesoruro.gob.bo\/index.php\/uniepidemiologia\/\",\"url\":\"https:\/\/www.sedesoruro.gob.bo\/index.php\/uniepidemiologia\/\",\"name\":\"Unidad de Epidemiologia e Investigaci\u00f3n\",\"isPartOf\":{\"@id\":\"https:\/\/www.sedesoruro.gob.bo\/#website\"},\"primaryImageOfPage\":{\"@id\":\"https:\/\/www.sedesoruro.gob.bo\/index.php\/uniepidemiologia\/#primaryimage\"},\"image\":{\"@id\":\"https:\/\/www.sedesoruro.gob.bo\/index.php\/uniepidemiologia\/#primaryimage\"},\"thumbnailUrl\":\"https:\/\/www.sedesoruro.gob.bo\/wp-content\/uploads\/2024\/08\/epidemiologia.jpeg\",\"datePublished\":\"2024-07-22T19:36:16+00:00\",\"dateModified\":\"2024-10-10T03:17:04+00:00\",\"breadcrumb\":{\"@id\":\"https:\/\/www.sedesoruro.gob.bo\/index.php\/uniepidemiologia\/#breadcrumb\"},\"inLanguage\":\"es\",\"potentialAction\":[{\"@type\":\"ReadAction\",\"target\":[\"https:\/\/www.sedesoruro.gob.bo\/index.php\/uniepidemiologia\/\"]}]},{\"@type\":\"ImageObject\",\"inLanguage\":\"es\",\"@id\":\"https:\/\/www.sedesoruro.gob.bo\/index.php\/uniepidemiologia\/#primaryimage\",\"url\":\"https:\/\/www.sedesoruro.gob.bo\/wp-content\/uploads\/2024\/08\/epidemiologia.jpeg\",\"contentUrl\":\"https:\/\/www.sedesoruro.gob.bo\/wp-content\/uploads\/2024\/08\/epidemiologia.jpeg\",\"width\":1600,\"height\":640},{\"@type\":\"BreadcrumbList\",\"@id\":\"https:\/\/www.sedesoruro.gob.bo\/index.php\/uniepidemiologia\/#breadcrumb\",\"itemListElement\":[{\"@type\":\"ListItem\",\"position\":1,\"name\":\"Portada\",\"item\":\"https:\/\/www.sedesoruro.gob.bo\/\"},{\"@type\":\"ListItem\",\"position\":2,\"name\":\"Unidad de Epidemiologia e Investigaci\u00f3n\"}]},{\"@type\":\"WebSite\",\"@id\":\"https:\/\/www.sedesoruro.gob.bo\/#website\",\"url\":\"https:\/\/www.sedesoruro.gob.bo\/\",\"name\":\"sedesoruro.gob.bo\",\"description\":\"SERVICIO DEPARTAMENTAL DE SALUD - ORURO\",\"publisher\":{\"@id\":\"https:\/\/www.sedesoruro.gob.bo\/#organization\"},\"alternateName\":\"Servicio Departamental de Salud - Oruro\",\"potentialAction\":[{\"@type\":\"SearchAction\",\"target\":{\"@type\":\"EntryPoint\",\"urlTemplate\":\"https:\/\/www.sedesoruro.gob.bo\/?s={search_term_string}\"},\"query-input\":\"required name=search_term_string\"}],\"inLanguage\":\"es\"},{\"@type\":\"Organization\",\"@id\":\"https:\/\/www.sedesoruro.gob.bo\/#organization\",\"name\":\"Servicio Departamental de Salud - Oruro\",\"alternateName\":\"SEDES ORURO\",\"url\":\"https:\/\/www.sedesoruro.gob.bo\/\",\"logo\":{\"@type\":\"ImageObject\",\"inLanguage\":\"es\",\"@id\":\"https:\/\/www.sedesoruro.gob.bo\/#\/schema\/logo\/image\/\",\"url\":\"https:\/\/www.sedesoruro.gob.bo\/wp-content\/uploads\/2024\/08\/LOGO-SEDES.jpg\",\"contentUrl\":\"https:\/\/www.sedesoruro.gob.bo\/wp-content\/uploads\/2024\/08\/LOGO-SEDES.jpg\",\"width\":226,\"height\":223,\"caption\":\"Servicio Departamental de Salud - Oruro\"},\"image\":{\"@id\":\"https:\/\/www.sedesoruro.gob.bo\/#\/schema\/logo\/image\/\"},\"sameAs\":[\"https:\/\/www.facebook.com\/SEDESOR\"]}]}<\/script>\n<!-- \/ Yoast SEO plugin. -->","yoast_head_json":{"title":"Unidad de Epidemiologia e Investigaci\u00f3n","robots":{"index":"index","follow":"follow","max-snippet":"max-snippet:-1","max-image-preview":"max-image-preview:large","max-video-preview":"max-video-preview:-1"},"canonical":"https:\/\/www.sedesoruro.gob.bo\/index.php\/uniepidemiologia\/","og_locale":"es_ES","og_type":"article","og_title":"Unidad de Epidemiologia e Investigaci\u00f3n","og_description":"Objetivo Promover, prevenir, controlar la ocurrencia de eventos que afecten a la salud p\u00fablica de la poblaci\u00f3n, mediante la observaci\u00f3n sistem\u00e1tica de la frecuencia, tendencia y determinantes de la salud como factores de riesgo,&#46;&#46;&#46;","og_url":"https:\/\/www.sedesoruro.gob.bo\/index.php\/uniepidemiologia\/","og_site_name":"SERVICIO DEPARTAMENTAL DE SALUD - ORURO","article_publisher":"https:\/\/www.facebook.com\/SEDESOR","article_modified_time":"2024-10-10T03:17:04+00:00","og_image":[{"url":"https:\/\/www.sedesoruro.gob.bo\/wp-content\/uploads\/2024\/08\/epidemiologia.jpeg"}],"twitter_card":"summary_large_image","twitter_misc":{"Tiempo de lectura":"1 minuto"},"schema":{"@context":"https:\/\/schema.org","@graph":[{"@type":"WebPage","@id":"https:\/\/www.sedesoruro.gob.bo\/index.php\/uniepidemiologia\/","url":"https:\/\/www.sedesoruro.gob.bo\/index.php\/uniepidemiologia\/","name":"Unidad de Epidemiologia e Investigaci\u00f3n","isPartOf":{"@id":"https:\/\/www.sedesoruro.gob.bo\/#website"},"primaryImageOfPage":{"@id":"https:\/\/www.sedesoruro.gob.bo\/index.php\/uniepidemiologia\/#primaryimage"},"image":{"@id":"https:\/\/www.sedesoruro.gob.bo\/index.php\/uniepidemiologia\/#primaryimage"},"thumbnailUrl":"https:\/\/www.sedesoruro.gob.bo\/wp-content\/uploads\/2024\/08\/epidemiologia.jpeg","datePublished":"2024-07-22T19:36:16+00:00","dateModified":"2024-10-10T03:17:04+00:00","breadcrumb":{"@id":"https:\/\/www.sedesoruro.gob.bo\/index.php\/uniepidemiologia\/#breadcrumb"},"inLanguage":"es","potentialAction":[{"@type":"ReadAction","target":["https:\/\/www.sedesoruro.gob.bo\/index.php\/uniepidemiologia\/"]}]},{"@type":"ImageObject","inLanguage":"es","@id":"https:\/\/www.sedesoruro.gob.bo\/index.php\/uniepidemiologia\/#primaryimage","url":"https:\/\/www.sedesoruro.gob.bo\/wp-content\/uploads\/2024\/08\/epidemiologia.jpeg","contentUrl":"https:\/\/www.sedesoruro.gob.bo\/wp-content\/uploads\/2024\/08\/epidemiologia.jpeg","width":1600,"height":640},{"@type":"BreadcrumbList","@id":"https:\/\/www.sedesoruro.gob.bo\/index.php\/uniepidemiologia\/#breadcrumb","itemListElement":[{"@type":"ListItem","position":1,"name":"Portada","item":"https:\/\/www.sedesoruro.gob.bo\/"},{"@type":"ListItem","position":2,"name":"Unidad de Epidemiologia e Investigaci\u00f3n"}]},{"@type":"WebSite","@id":"https:\/\/www.sedesoruro.gob.bo\/#website","url":"https:\/\/www.sedesoruro.gob.bo\/","name":"sedesoruro.gob.bo","description":"SERVICIO DEPARTAMENTAL DE SALUD - ORURO","publisher":{"@id":"https:\/\/www.sedesoruro.gob.bo\/#organization"},"alternateName":"Servicio Departamental de Salud - Oruro","potentialAction":[{"@type":"SearchAction","target":{"@type":"EntryPoint","urlTemplate":"https:\/\/www.sedesoruro.gob.bo\/?s={search_term_string}"},"query-input":"required name=search_term_string"}],"inLanguage":"es"},{"@type":"Organization","@id":"https:\/\/www.sedesoruro.gob.bo\/#organization","name":"Servicio Departamental de Salud - Oruro","alternateName":"SEDES ORURO","url":"https:\/\/www.sedesoruro.gob.bo\/","logo":{"@type":"ImageObject","inLanguage":"es","@id":"https:\/\/www.sedesoruro.gob.bo\/#\/schema\/logo\/image\/","url":"https:\/\/www.sedesoruro.gob.bo\/wp-content\/uploads\/2024\/08\/LOGO-SEDES.jpg","contentUrl":"https:\/\/www.sedesoruro.gob.bo\/wp-content\/uploads\/2024\/08\/LOGO-SEDES.jpg","width":226,"height":223,"caption":"Servicio Departamental de Salud - Oruro"},"image":{"@id":"https:\/\/www.sedesoruro.gob.bo\/#\/schema\/logo\/image\/"},"sameAs":["https:\/\/www.facebook.com\/SEDESOR"]}]}},"_links":{"self":[{"href":"https:\/\/www.sedesoruro.gob.bo\/index.php\/wp-json\/wp\/v2\/pages\/1410","targetHints":{"allow":["GET"]}}],"collection":[{"href":"https:\/\/www.sedesoruro.gob.bo\/index.php\/wp-json\/wp\/v2\/pages"}],"about":[{"href":"https:\/\/www.sedesoruro.gob.bo\/index.php\/wp-json\/wp\/v2\/types\/page"}],"author":[{"embeddable":true,"href":"https:\/\/www.sedesoruro.gob.bo\/index.php\/wp-json\/wp\/v2\/users\/1"}],"replies":[{"embeddable":true,"href":"https:\/\/www.sedesoruro.gob.bo\/index.php\/wp-json\/wp\/v2\/comments?post=1410"}],"version-history":[{"count":28,"href":"https:\/\/www.sedesoruro.gob.bo\/index.php\/wp-json\/wp\/v2\/pages\/1410\/revisions"}],"predecessor-version":[{"id":2215,"href":"https:\/\/www.sedesoruro.gob.bo\/index.php\/wp-json\/wp\/v2\/pages\/1410\/revisions\/2215"}],"wp:attachment":[{"href":"https:\/\/www.sedesoruro.gob.bo\/index.php\/wp-json\/wp\/v2\/media?parent=1410"}],"curies":[{"name":"wp","href":"https:\/\/api.w.org\/{rel}","templated":true}]}}